{"id":3102,"date":"2026-03-04T13:39:51","date_gmt":"2026-03-04T12:39:51","guid":{"rendered":"https:\/\/intercare.nursing.unibas.ch\/?page_id=3102"},"modified":"2026-03-11T16:21:09","modified_gmt":"2026-03-11T15:21:09","slug":"valeur-expertise","status":"publish","type":"page","link":"https:\/\/intercare.nursing.unibas.ch\/fr\/valeur-expertise\/","title":{"rendered":"Comp\u00e9tences G\u00e9riatriques"},"content":{"rendered":"<p>[spb_column width=\u00a0\u00bb2\/3&Prime; el_position=\u00a0\u00bbfirst\u00a0\u00bb] [spb_text_block pb_margin_bottom=\u00a0\u00bbno\u00a0\u00bb pb_border_bottom=\u00a0\u00bbno\u00a0\u00bb width=\u00a0\u00bb1\/1&Prime; el_position=\u00a0\u00bbfirst last\u00a0\u00bb]\n<p><strong>Que vaut la qualit\u00e9 des soins ? Cette \u00e9tude nationale examine si et comment les EMS sont pr\u00eates \u00e0 investir dans l\u2019expertise g\u00e9riatrique.<br \/>\n<\/strong><strong>L\u2019objectif est de fournir des bases fond\u00e9es sur des donn\u00e9es probantes pour la planification du personnel, les mod\u00e8les de financement et les d\u00e9cisions de politique de sant\u00e9 dans les soins de longue dur\u00e9e.<\/strong><\/p>\n[\/spb_text_block] [spb_text_block pb_margin_bottom=\u00a0\u00bbno\u00a0\u00bb pb_border_bottom=\u00a0\u00bbno\u00a0\u00bb width=\u00a0\u00bb1\/1&Prime; el_position=\u00a0\u00bbfirst last\u00a0\u00bb]\n<h3><strong>Contexte<\/strong><\/h3>\n<p>Les hospitalisations non planifi\u00e9es font partie du quotidien des \u00e9tablissements m\u00e9dico-sociaux (EMS) et repr\u00e9sentent une charge importante pour les r\u00e9sident\u00b7e\u00b7s, leurs proches ainsi que pour les institutions. Pour les r\u00e9sident\u00b7e\u00b7s, elles sont souvent associ\u00e9es \u00e0 du stress, une perte fonctionnelle et des troubles de l\u2019orientation. Pour les \u00e9tablissements, elles entra\u00eenent une charge organisationnelle suppl\u00e9mentaire ainsi que des pertes financi\u00e8res li\u00e9es aux lits vacants.<\/p>\n<p>La recherche montre qu\u2019une partie de ces hospitalisations pourrait \u00eatre \u00e9vit\u00e9e, notamment gr\u00e2ce au renforcement de l\u2019expertise g\u00e9riatrique au sein des \u00e9quipes de soins. Des professionnel\u00b7le\u00b7s infirmiers disposant de comp\u00e9tences g\u00e9riatriques \u00e9largies peuvent d\u00e9tecter plus pr\u00e9cocement les changements de sant\u00e9, soutenir les d\u00e9cisions cliniques, renforcer la collaboration interprofessionnelle et permettre une prise en charge accrue des situations aigu\u00ebs au sein m\u00eame de l\u2019\u00e9tablissement.<\/p>\n<p>Dans ce contexte, nous menons une enqu\u00eate nationale.<\/p>\n[\/spb_text_block] [spb_text_block pb_margin_bottom=\u00a0\u00bbno\u00a0\u00bb pb_border_bottom=\u00a0\u00bbno\u00a0\u00bb width=\u00a0\u00bb1\/1&Prime; el_position=\u00a0\u00bbfirst last\u00a0\u00bb]\n<h3>Objectif de l\u2019enqu\u00eate<\/h3>\n<p>L\u2019\u00e9tude examine comment les personnes dirigeantes des institutions de soins de longue dur\u00e9e \u00e9valuent l\u2019utilit\u00e9 d\u2019une expertise g\u00e9riatrique infirmi\u00e8re \u00e9largie et dans quelle mesure elles sont dispos\u00e9es \u00e0 investir dans les ressources en personnel correspondantes.<\/p>\n<p>L\u2019enqu\u00eate s\u2019adresse \u00e0 :<\/p>\n<ul>\n<li>Directions d\u2019\u00e9tablissement<\/li>\n<li>Directions des soins<\/li>\n<li>Responsables disposant de comp\u00e9tences d\u00e9cisionnelles en mati\u00e8re de personnel ou de budget<\/li>\n<\/ul>\n[\/spb_text_block] [spb_text_block pb_margin_bottom=\u00a0\u00bbno\u00a0\u00bb pb_border_bottom=\u00a0\u00bbno\u00a0\u00bb width=\u00a0\u00bb1\/1&Prime; el_position=\u00a0\u00bbfirst last\u00a0\u00bb]\n<h3><strong>Contenu de l\u2019enqu\u00eate<\/strong><\/h3>\n<p>L\u2019enqu\u00eate comprend cinq domaines :<\/p>\n<ul>\n<li><strong>Caract\u00e9ristiques de l\u2019\u00e9tablissement<\/strong> \u2013 informations g\u00e9n\u00e9rales comparables aux statistiques SOMED<\/li>\n<li><strong>Probl\u00e9matique et solution potentielle<\/strong> \u2013 pr\u00e9sentation d\u2019un cas illustratif<\/li>\n<li><strong>Propension \u00e0 payer<\/strong> \u2013 estimation de l\u2019investissement envisag\u00e9 pour une expertise g\u00e9riatrique renforc\u00e9e<\/li>\n<li><strong>Perceptions et opinions<\/strong> \u2013 attitudes vis-\u00e0-vis de la r\u00e9duction des hospitalisations non planifi\u00e9es<\/li>\n<li><strong>Informations sociod\u00e9mographiques<\/strong> \u2013 informations g\u00e9n\u00e9rales vous concernant<\/li>\n<\/ul>\n[\/spb_text_block] [spb_text_block pb_margin_bottom=\u00a0\u00bbno\u00a0\u00bb pb_border_bottom=\u00a0\u00bbno\u00a0\u00bb width=\u00a0\u00bb1\/1&Prime; el_position=\u00a0\u00bbfirst last\u00a0\u00bb]\n<h3><strong>Participation et protection des donn\u00e9es<\/strong><\/h3>\n<p>La participation est volontaire et anonyme. Il n\u2019existe pas de bonnes ou de mauvaises r\u00e9ponses \u2014 ce qui importe, ce sont vos appr\u00e9ciations et exp\u00e9riences personnelles ainsi que celles de votre \u00e9tablissement.<\/p>\n<p>Dur\u00e9e : environ <strong>20\u201340 minutes<\/strong><\/p>\n[\/spb_text_block] [spb_text_block pb_margin_bottom=\u00a0\u00bbno\u00a0\u00bb pb_border_bottom=\u00a0\u00bbno\u00a0\u00bb width=\u00a0\u00bb1\/1&Prime; el_position=\u00a0\u00bbfirst last\u00a0\u00bb]\n<h3><strong>Pourquoi votre participation est importante<\/strong><\/h3>\n<p>Les r\u00e9sultats contribueront \u00e0 :<\/p>\n<ul>\n<li>des analyses co\u00fbts-b\u00e9n\u00e9fices<\/li>\n<li>la planification du personnel en soins de longue dur\u00e9e<\/li>\n<li>les discussions sur le financement<\/li>\n<li>les d\u00e9cisions de politique de sant\u00e9<\/li>\n<\/ul>\n<p>L\u2019objectif est d\u2019am\u00e9liorer durablement la qualit\u00e9 de vie des r\u00e9sident\u00b7e\u00b7s tout en r\u00e9duisant les charges \u00e9vitables pour les institutions et le syst\u00e8me de sant\u00e9.<\/p>\n<p>Les r\u00e9sultats seront publi\u00e9s sur ce site \u00e0 partir de l\u2019automne 2026.<\/p>\n[\/spb_text_block] [spb_text_block pb_margin_bottom=\u00a0\u00bbno\u00a0\u00bb pb_border_bottom=\u00a0\u00bbno\u00a0\u00bb width=\u00a0\u00bb1\/1&Prime; el_position=\u00a0\u00bbfirst last\u00a0\u00bb]\n<p><span style=\"color: #000000;\"><a class=\"sf-button large accent sf-icon-reveal .button-wtb\" href=\"https:\/\/redcap-nursing.scicore.unibas.ch\/surveys\/?s=79H9M7PRLM3WPCRF\" target=\"_blank\"><i class=\"fas fa-hand-point-right\"><\/i><span class=\"text\">Participez maintenant \u00e0 l\u2019enqu\u00eate nationale<\/span><\/a><\/span><\/p>\n<p><em data-start=\"859\" data-end=\"910\">Pour participer, vous aurez besoin des informations suivantes :<br \/>\n<\/em>1) Informations concernant votre \u00e9tablissement (analogues \u00e0 la statistique SOMED)<br \/>\n2) Tables salariales du personnel soignant<\/p>\n[\/spb_text_block] [spb_text_block pb_margin_bottom=\u00a0\u00bbno\u00a0\u00bb pb_border_bottom=\u00a0\u00bbno\u00a0\u00bb width=\u00a0\u00bb1\/1&Prime; el_position=\u00a0\u00bbfirst last\u00a0\u00bb]\n<h3><strong>\u00c9quipe de recherche<\/strong><\/h3>\n<p>Sarah Holzer \u2014 Doctorante<br \/>\nDr Jana Bart\u00e1kov\u00e1 \u2014 \u00c9conomiste de la sant\u00e9<br \/>\nProf. Dr Franziska Z\u00fa\u00f1iga \u2014 Responsable du projet<\/p>\n<p>Institut des sciences infirmi\u00e8res, Universit\u00e9 de B\u00e2le<\/p>\n<p>Contact: <a href=\"mailto:intercare-nursing@unibas.ch\">intercare-nursing@unibas.ch<\/a><\/p>\n<p>&nbsp;<\/p>\n[\/spb_text_block] [\/spb_column] [spb_column width=\u00a0\u00bb1\/3&Prime; el_position=\u00a0\u00bblast\u00a0\u00bb] [spb_text_block pb_margin_bottom=\u00a0\u00bbno\u00a0\u00bb pb_border_bottom=\u00a0\u00bbno\u00a0\u00bb width=\u00a0\u00bb1\/1&Prime; el_position=\u00a0\u00bbfirst last\u00a0\u00bb]\n<h3><strong>Participer directement \u00e0 l&rsquo;enqu\u00eate:<\/strong><\/h3>\n[\/spb_text_block] [spb_text_block pb_margin_bottom=\u00a0\u00bbno\u00a0\u00bb pb_border_bottom=\u00a0\u00bbno\u00a0\u00bb width=\u00a0\u00bb1\/1&Prime; el_position=\u00a0\u00bbfirst last\u00a0\u00bb]\n<p style=\"text-align: left;\"><span style=\"color: #000000;\"><a class=\"sf-button large accent sf-icon-reveal .button-wtb\" href=\"https:\/\/redcap-nursing.scicore.unibas.ch\/surveys\/?s=79H9M7PRLM3WPCRF\" target=\"_blank\"><i class=\"fas fa-hand-point-right\"><\/i><span class=\"text\">Participez maintenant \u00e0 l\u2019enqu\u00eate<\/span><\/a><\/span><\/p>\n<p><em data-start=\"859\" data-end=\"910\">Pour participer, vous aurez besoin des informations suivantes :<br \/>\n<\/em>1) Informations concernant votre \u00e9tablissement (analogues \u00e0 la statistique SOMED)<br \/>\n2) Tables salariales du personnel soignant<\/p>\n[\/spb_text_block] [\/spb_column]<\/p>\n","protected":false},"excerpt":{"rendered":"<p>[spb_column width=\u00a0\u00bb2\/3&Prime; el_position=\u00a0\u00bbfirst\u00a0\u00bb] [spb_text_block pb_margin_bottom=\u00a0\u00bbno\u00a0\u00bb pb_border_bottom=\u00a0\u00bbno\u00a0\u00bb width=\u00a0\u00bb1\/1&Prime; el_position=\u00a0\u00bbfirst last\u00a0\u00bb] Que vaut la qualit\u00e9 des soins ? Cette \u00e9tude nationale examine si et comment les EMS sont pr\u00eates \u00e0 investir dans l\u2019expertise g\u00e9riatrique. L\u2019objectif est de fournir des bases fond\u00e9es sur des donn\u00e9es probantes pour la planification du personnel, les mod\u00e8les de financement et les d\u00e9cisions de politique de sant\u00e9 dans [&hellip;]<\/p>\n","protected":false},"author":1,"featured_media":0,"parent":0,"menu_order":0,"comment_status":"closed","ping_status":"closed","template":"","meta":{"footnotes":""},"folder":[],"class_list":["post-3102","page","type-page","status-publish","hentry"],"yoast_head":"<!-- This site is optimized with the Yoast SEO plugin v27.5 - https:\/\/yoast.com\/product\/yoast-seo-wordpress\/ -->\n<title>Comp\u00e9tences G\u00e9riatriques - Intercare<\/title>\n<meta name=\"description\" content=\"Que vaut la qualit\u00e9 des soins ? Cette \u00e9tude nationale examine si et comment les EMS sont pr\u00eates \u00e0 investir dans l\u2019expertise g\u00e9riatrique.\" \/>\n<meta name=\"robots\" content=\"index, follow, max-snippet:-1, max-image-preview:large, max-video-preview:-1\" \/>\n<link rel=\"canonical\" href=\"https:\/\/intercare.nursing.unibas.ch\/fr\/valeur-expertise\/\" \/>\n<meta property=\"og:locale\" content=\"fr_FR\" \/>\n<meta property=\"og:type\" content=\"article\" \/>\n<meta property=\"og:title\" content=\"Comp\u00e9tences G\u00e9riatriques - Intercare\" \/>\n<meta property=\"og:description\" content=\"Que vaut la qualit\u00e9 des soins ? Cette \u00e9tude nationale examine si et comment les EMS sont pr\u00eates \u00e0 investir dans l\u2019expertise g\u00e9riatrique.\" \/>\n<meta property=\"og:url\" content=\"https:\/\/intercare.nursing.unibas.ch\/fr\/valeur-expertise\/\" \/>\n<meta property=\"og:site_name\" content=\"Intercare\" \/>\n<meta property=\"article:modified_time\" content=\"2026-03-11T15:21:09+00:00\" \/>\n<meta name=\"twitter:card\" content=\"summary_large_image\" \/>\n<meta name=\"twitter:label1\" content=\"Dur\u00e9e de lecture estim\u00e9e\" \/>\n\t<meta name=\"twitter:data1\" content=\"3 minutes\" \/>\n<script type=\"application\/ld+json\" class=\"yoast-schema-graph\">{\"@context\":\"https:\\\/\\\/schema.org\",\"@graph\":[{\"@type\":\"WebPage\",\"@id\":\"https:\\\/\\\/intercare.nursing.unibas.ch\\\/fr\\\/valeur-expertise\\\/\",\"url\":\"https:\\\/\\\/intercare.nursing.unibas.ch\\\/fr\\\/valeur-expertise\\\/\",\"name\":\"Comp\u00e9tences G\u00e9riatriques - Intercare\",\"isPartOf\":{\"@id\":\"https:\\\/\\\/intercare.nursing.unibas.ch\\\/#website\"},\"datePublished\":\"2026-03-04T12:39:51+00:00\",\"dateModified\":\"2026-03-11T15:21:09+00:00\",\"description\":\"Que vaut la qualit\u00e9 des soins ? Cette \u00e9tude nationale examine si et comment les EMS sont pr\u00eates \u00e0 investir dans l\u2019expertise g\u00e9riatrique.\",\"breadcrumb\":{\"@id\":\"https:\\\/\\\/intercare.nursing.unibas.ch\\\/fr\\\/valeur-expertise\\\/#breadcrumb\"},\"inLanguage\":\"fr-FR\",\"potentialAction\":[{\"@type\":\"ReadAction\",\"target\":[\"https:\\\/\\\/intercare.nursing.unibas.ch\\\/fr\\\/valeur-expertise\\\/\"]}]},{\"@type\":\"BreadcrumbList\",\"@id\":\"https:\\\/\\\/intercare.nursing.unibas.ch\\\/fr\\\/valeur-expertise\\\/#breadcrumb\",\"itemListElement\":[{\"@type\":\"ListItem\",\"position\":1,\"name\":\"Startseite\",\"item\":\"https:\\\/\\\/intercare.nursing.unibas.ch\\\/fr\\\/\"},{\"@type\":\"ListItem\",\"position\":2,\"name\":\"Comp\u00e9tences G\u00e9riatriques\"}]},{\"@type\":\"WebSite\",\"@id\":\"https:\\\/\\\/intercare.nursing.unibas.ch\\\/#website\",\"url\":\"https:\\\/\\\/intercare.nursing.unibas.ch\\\/\",\"name\":\"Intercare\",\"description\":\"Pflegegeleitete Vorsorgemodelle\",\"publisher\":{\"@id\":\"https:\\\/\\\/intercare.nursing.unibas.ch\\\/#organization\"},\"potentialAction\":[{\"@type\":\"SearchAction\",\"target\":{\"@type\":\"EntryPoint\",\"urlTemplate\":\"https:\\\/\\\/intercare.nursing.unibas.ch\\\/?s={search_term_string}\"},\"query-input\":{\"@type\":\"PropertyValueSpecification\",\"valueRequired\":true,\"valueName\":\"search_term_string\"}}],\"inLanguage\":\"fr-FR\"},{\"@type\":\"Organization\",\"@id\":\"https:\\\/\\\/intercare.nursing.unibas.ch\\\/#organization\",\"name\":\"Intercare\",\"url\":\"https:\\\/\\\/intercare.nursing.unibas.ch\\\/\",\"logo\":{\"@type\":\"ImageObject\",\"inLanguage\":\"fr-FR\",\"@id\":\"https:\\\/\\\/intercare.nursing.unibas.ch\\\/#\\\/schema\\\/logo\\\/image\\\/\",\"url\":\"https:\\\/\\\/intercare.nursing.unibas.ch\\\/wp-content\\\/uploads\\\/2023\\\/03\\\/cropped-interscale-intercare-reasearch-project.png\",\"contentUrl\":\"https:\\\/\\\/intercare.nursing.unibas.ch\\\/wp-content\\\/uploads\\\/2023\\\/03\\\/cropped-interscale-intercare-reasearch-project.png\",\"width\":334,\"height\":40,\"caption\":\"Intercare\"},\"image\":{\"@id\":\"https:\\\/\\\/intercare.nursing.unibas.ch\\\/#\\\/schema\\\/logo\\\/image\\\/\"}}]}<\/script>\n<!-- \/ Yoast SEO plugin. -->","yoast_head_json":{"title":"Comp\u00e9tences G\u00e9riatriques - Intercare","description":"Que vaut la qualit\u00e9 des soins ? Cette \u00e9tude nationale examine si et comment les EMS sont pr\u00eates \u00e0 investir dans l\u2019expertise g\u00e9riatrique.","robots":{"index":"index","follow":"follow","max-snippet":"max-snippet:-1","max-image-preview":"max-image-preview:large","max-video-preview":"max-video-preview:-1"},"canonical":"https:\/\/intercare.nursing.unibas.ch\/fr\/valeur-expertise\/","og_locale":"fr_FR","og_type":"article","og_title":"Comp\u00e9tences G\u00e9riatriques - Intercare","og_description":"Que vaut la qualit\u00e9 des soins ? Cette \u00e9tude nationale examine si et comment les EMS sont pr\u00eates \u00e0 investir dans l\u2019expertise g\u00e9riatrique.","og_url":"https:\/\/intercare.nursing.unibas.ch\/fr\/valeur-expertise\/","og_site_name":"Intercare","article_modified_time":"2026-03-11T15:21:09+00:00","twitter_card":"summary_large_image","twitter_misc":{"Dur\u00e9e de lecture estim\u00e9e":"3 minutes"},"schema":{"@context":"https:\/\/schema.org","@graph":[{"@type":"WebPage","@id":"https:\/\/intercare.nursing.unibas.ch\/fr\/valeur-expertise\/","url":"https:\/\/intercare.nursing.unibas.ch\/fr\/valeur-expertise\/","name":"Comp\u00e9tences G\u00e9riatriques - Intercare","isPartOf":{"@id":"https:\/\/intercare.nursing.unibas.ch\/#website"},"datePublished":"2026-03-04T12:39:51+00:00","dateModified":"2026-03-11T15:21:09+00:00","description":"Que vaut la qualit\u00e9 des soins ? Cette \u00e9tude nationale examine si et comment les EMS sont pr\u00eates \u00e0 investir dans l\u2019expertise g\u00e9riatrique.","breadcrumb":{"@id":"https:\/\/intercare.nursing.unibas.ch\/fr\/valeur-expertise\/#breadcrumb"},"inLanguage":"fr-FR","potentialAction":[{"@type":"ReadAction","target":["https:\/\/intercare.nursing.unibas.ch\/fr\/valeur-expertise\/"]}]},{"@type":"BreadcrumbList","@id":"https:\/\/intercare.nursing.unibas.ch\/fr\/valeur-expertise\/#breadcrumb","itemListElement":[{"@type":"ListItem","position":1,"name":"Startseite","item":"https:\/\/intercare.nursing.unibas.ch\/fr\/"},{"@type":"ListItem","position":2,"name":"Comp\u00e9tences G\u00e9riatriques"}]},{"@type":"WebSite","@id":"https:\/\/intercare.nursing.unibas.ch\/#website","url":"https:\/\/intercare.nursing.unibas.ch\/","name":"Intercare","description":"Pflegegeleitete Vorsorgemodelle","publisher":{"@id":"https:\/\/intercare.nursing.unibas.ch\/#organization"},"potentialAction":[{"@type":"SearchAction","target":{"@type":"EntryPoint","urlTemplate":"https:\/\/intercare.nursing.unibas.ch\/?s={search_term_string}"},"query-input":{"@type":"PropertyValueSpecification","valueRequired":true,"valueName":"search_term_string"}}],"inLanguage":"fr-FR"},{"@type":"Organization","@id":"https:\/\/intercare.nursing.unibas.ch\/#organization","name":"Intercare","url":"https:\/\/intercare.nursing.unibas.ch\/","logo":{"@type":"ImageObject","inLanguage":"fr-FR","@id":"https:\/\/intercare.nursing.unibas.ch\/#\/schema\/logo\/image\/","url":"https:\/\/intercare.nursing.unibas.ch\/wp-content\/uploads\/2023\/03\/cropped-interscale-intercare-reasearch-project.png","contentUrl":"https:\/\/intercare.nursing.unibas.ch\/wp-content\/uploads\/2023\/03\/cropped-interscale-intercare-reasearch-project.png","width":334,"height":40,"caption":"Intercare"},"image":{"@id":"https:\/\/intercare.nursing.unibas.ch\/#\/schema\/logo\/image\/"}}]}},"_links":{"self":[{"href":"https:\/\/intercare.nursing.unibas.ch\/fr\/wp-json\/wp\/v2\/pages\/3102","targetHints":{"allow":["GET"]}}],"collection":[{"href":"https:\/\/intercare.nursing.unibas.ch\/fr\/wp-json\/wp\/v2\/pages"}],"about":[{"href":"https:\/\/intercare.nursing.unibas.ch\/fr\/wp-json\/wp\/v2\/types\/page"}],"author":[{"embeddable":true,"href":"https:\/\/intercare.nursing.unibas.ch\/fr\/wp-json\/wp\/v2\/users\/1"}],"replies":[{"embeddable":true,"href":"https:\/\/intercare.nursing.unibas.ch\/fr\/wp-json\/wp\/v2\/comments?post=3102"}],"version-history":[{"count":6,"href":"https:\/\/intercare.nursing.unibas.ch\/fr\/wp-json\/wp\/v2\/pages\/3102\/revisions"}],"predecessor-version":[{"id":3137,"href":"https:\/\/intercare.nursing.unibas.ch\/fr\/wp-json\/wp\/v2\/pages\/3102\/revisions\/3137"}],"wp:attachment":[{"href":"https:\/\/intercare.nursing.unibas.ch\/fr\/wp-json\/wp\/v2\/media?parent=3102"}],"wp:term":[{"taxonomy":"folder","embeddable":true,"href":"https:\/\/intercare.nursing.unibas.ch\/fr\/wp-json\/wp\/v2\/folder?post=3102"}],"curies":[{"name":"wp","href":"https:\/\/api.w.org\/{rel}","templated":true}]}}