{"id":2254,"date":"2023-05-11T17:44:18","date_gmt":"2023-05-11T15:44:18","guid":{"rendered":"https:\/\/intercare.nursing.unibas.ch\/?page_id=2254"},"modified":"2024-03-26T12:44:58","modified_gmt":"2024-03-26T11:44:58","slug":"publications","status":"publish","type":"page","link":"https:\/\/intercare.nursing.unibas.ch\/fr\/publications\/","title":{"rendered":"Publications"},"content":{"rendered":"[blank_spacer height=\u00a0\u00bb30px\u00a0\u00bb width=\u00a0\u00bb1\/1&Prime; el_position=\u00a0\u00bbfirst last\u00a0\u00bb] [spb_text_block pb_margin_bottom=\u00a0\u00bbyes\u00a0\u00bb pb_border_bottom=\u00a0\u00bbno\u00a0\u00bb width=\u00a0\u00bb1\/1&Prime; el_position=\u00a0\u00bbfirst last\u00a0\u00bb]\n<h2>Second rapport national<\/h2>\n[\/spb_text_block] [spb_text_block pb_margin_bottom=\u00a0\u00bbno\u00a0\u00bb pb_border_bottom=\u00a0\u00bbno\u00a0\u00bb width=\u00a0\u00bb1\/4&Prime; el_position=\u00a0\u00bbfirst last\u00a0\u00bb]\n<p><a href=\"https:\/\/intercare.nursing.unibas.ch\/wp-content\/uploads\/2024\/03\/INTERCARE-report-2024-fr-short-240318.pdf\" target=\"_blank\" rel=\"noopener\"><img loading=\"lazy\" decoding=\"async\" class=\"alignnone wp-image-2948 size-full\" title=\"https:\/\/intercare.nursing.unibas.ch\/wp-content\/uploads\/2024\/03\/INTERCARE-report-2024-fr-short-240318.pdf\" src=\"https:\/\/intercare.nursing.unibas.ch\/wp-content\/uploads\/2024\/03\/Image-de-couverture_Resume.png\" alt=\"\" width=\"694\" height=\"977\" srcset=\"https:\/\/intercare.nursing.unibas.ch\/wp-content\/uploads\/2024\/03\/Image-de-couverture_Resume.png 694w, https:\/\/intercare.nursing.unibas.ch\/wp-content\/uploads\/2024\/03\/Image-de-couverture_Resume-213x300.png 213w\" sizes=\"auto, (max-width: 694px) 100vw, 694px\" \/><\/a><br \/>\n<strong><a href=\"https:\/\/intercare.nursing.unibas.ch\/wp-content\/uploads\/2024\/03\/INTERCARE-report-2024-fr-short-240318.pdf\" target=\"_blank\" rel=\"noopener\">INTERCARE 2nd rapport national &#8211; R\u00e9sum\u00e9 Mars 24<\/a><\/strong><\/p>\n[\/spb_text_block] [blank_spacer height=\u00a0\u00bb30px\u00a0\u00bb width=\u00a0\u00bb1\/1&Prime; el_position=\u00a0\u00bbfirst last\u00a0\u00bb] [spb_column width=\u00a0\u00bb1\/1&Prime; el_position=\u00a0\u00bbfirst last\u00a0\u00bb] [spb_text_block pb_margin_bottom=\u00a0\u00bbyes\u00a0\u00bb pb_border_bottom=\u00a0\u00bbno\u00a0\u00bb width=\u00a0\u00bb1\/1&Prime; el_position=\u00a0\u00bbfirst last\u00a0\u00bb]\n<h2>Premier rapport national<\/h2>\n[\/spb_text_block] [spb_text_block pb_margin_bottom=\u00a0\u00bbno\u00a0\u00bb pb_border_bottom=\u00a0\u00bbno\u00a0\u00bb width=\u00a0\u00bb1\/4&Prime; el_position=\u00a0\u00bbfirst\u00a0\u00bb]\n<p><a href=\"https:\/\/intercare.nursing.unibas.ch\/wp-content\/uploads\/2021\/05\/INTERCARE-resume-du-rapport-national-Avril-21.pdf\" target=\"_blank\" rel=\"noopener\"><img loading=\"lazy\" decoding=\"async\" class=\"alignnone size-full wp-image-1876\" src=\"https:\/\/intercare.nursing.unibas.ch\/wp-content\/uploads\/2021\/05\/intercare-rapport-national.png\" alt=\"INTERCARE Rapport National\" width=\"550\" height=\"770\" srcset=\"https:\/\/intercare.nursing.unibas.ch\/wp-content\/uploads\/2021\/05\/intercare-rapport-national.png 550w, https:\/\/intercare.nursing.unibas.ch\/wp-content\/uploads\/2021\/05\/intercare-rapport-national-214x300.png 214w\" sizes=\"auto, (max-width: 550px) 100vw, 550px\" \/><\/a><br \/>\n<strong><a href=\"https:\/\/intercare.nursing.unibas.ch\/wp-content\/uploads\/2021\/05\/INTERCARE-resume-du-rapport-national-Avril-21.pdf\" target=\"_blank\" rel=\"noopener\">INTERCARE rapport national \u2013 R\u00e9sum\u00e9 Avril 21<\/a><\/strong><\/p>\n[\/spb_text_block] [spb_text_block pb_margin_bottom=\u00a0\u00bbno\u00a0\u00bb pb_border_bottom=\u00a0\u00bbno\u00a0\u00bb width=\u00a0\u00bb1\/4&Prime;]\n<p><img loading=\"lazy\" decoding=\"async\" class=\"alignnone wp-image-2047 size-large\" src=\"https:\/\/intercare.nursing.unibas.ch\/wp-content\/uploads\/2021\/12\/Screenshot-2021-12-21-at-16.28.11-725x1024.png\" alt=\"\" width=\"725\" height=\"1024\" srcset=\"https:\/\/intercare.nursing.unibas.ch\/wp-content\/uploads\/2021\/12\/Screenshot-2021-12-21-at-16.28.11-725x1024.png 725w, https:\/\/intercare.nursing.unibas.ch\/wp-content\/uploads\/2021\/12\/Screenshot-2021-12-21-at-16.28.11-212x300.png 212w, https:\/\/intercare.nursing.unibas.ch\/wp-content\/uploads\/2021\/12\/Screenshot-2021-12-21-at-16.28.11-768x1085.png 768w, https:\/\/intercare.nursing.unibas.ch\/wp-content\/uploads\/2021\/12\/Screenshot-2021-12-21-at-16.28.11-1087x1536.png 1087w, https:\/\/intercare.nursing.unibas.ch\/wp-content\/uploads\/2021\/12\/Screenshot-2021-12-21-at-16.28.11.png 1154w\" sizes=\"auto, (max-width: 725px) 100vw, 725px\" \/><\/p>\n<p><strong><a href=\"https:\/\/intercare.nursing.unibas.ch\/wp-content\/uploads\/2022\/02\/INTERCARE-Sintesi-del-rapporto-nazionale-Dicembre-21.pdf\" target=\"_blank\" rel=\"noopener\">INTERCARE rapport national \u2013 R\u00e9sum\u00e9 en italien Avril 21<\/a><\/strong><\/p>\n[\/spb_text_block] [spb_text_block pb_margin_bottom=\u00a0\u00bbno\u00a0\u00bb pb_border_bottom=\u00a0\u00bbno\u00a0\u00bb width=\u00a0\u00bb1\/4&Prime;]\n<p><a href=\"https:\/\/intercare.nursing.unibas.ch\/wp-content\/uploads\/2021\/05\/INTERCARE-nationaler-Bericht-Anhang-1-April-21.pdf\" target=\"_blank\" rel=\"noopener\"><img loading=\"lazy\" decoding=\"async\" class=\"alignnone size-full wp-image-1811\" src=\"https:\/\/intercare.nursing.unibas.ch\/wp-content\/uploads\/2021\/04\/intercare-nationaler-bericht-anhang-01-2021.png\" alt=\"INTERCARE Nationaler Bericht 2021 Anhang 1\" width=\"550\" height=\"770\" srcset=\"https:\/\/intercare.nursing.unibas.ch\/wp-content\/uploads\/2021\/04\/intercare-nationaler-bericht-anhang-01-2021.png 550w, https:\/\/intercare.nursing.unibas.ch\/wp-content\/uploads\/2021\/04\/intercare-nationaler-bericht-anhang-01-2021-214x300.png 214w\" sizes=\"auto, (max-width: 550px) 100vw, 550px\" \/><\/a><br \/>\n<strong><a href=\"https:\/\/intercare.nursing.unibas.ch\/wp-content\/uploads\/2021\/05\/INTERCARE-nationaler-Bericht-Anhang-1-April-21.pdf\" target=\"_blank\" rel=\"noopener\">INTERCARE rapport national \u2013 Annexe 1 Avril 21<\/a><\/strong><\/p>\n[\/spb_text_block] [spb_text_block pb_margin_bottom=\u00a0\u00bbno\u00a0\u00bb pb_border_bottom=\u00a0\u00bbno\u00a0\u00bb width=\u00a0\u00bb1\/4&Prime; el_position=\u00a0\u00bblast\u00a0\u00bb]\n<p><a href=\"https:\/\/intercare.nursing.unibas.ch\/wp-content\/uploads\/2021\/05\/INTERCARE-nationaler-Bericht-Anhang-2-April-21.pdf\" target=\"_blank\" rel=\"noopener\"><img loading=\"lazy\" decoding=\"async\" class=\"alignnone size-full wp-image-1815\" src=\"https:\/\/intercare.nursing.unibas.ch\/wp-content\/uploads\/2021\/04\/intercare-nationaler-bericht-anhang-02-2021.png\" alt=\"INTERCARE Nationaler Bericht 2021 Anhang 2\" width=\"550\" height=\"770\" srcset=\"https:\/\/intercare.nursing.unibas.ch\/wp-content\/uploads\/2021\/04\/intercare-nationaler-bericht-anhang-02-2021.png 550w, https:\/\/intercare.nursing.unibas.ch\/wp-content\/uploads\/2021\/04\/intercare-nationaler-bericht-anhang-02-2021-214x300.png 214w\" sizes=\"auto, (max-width: 550px) 100vw, 550px\" \/><\/a><br \/>\n<strong><a href=\"https:\/\/intercare.nursing.unibas.ch\/wp-content\/uploads\/2021\/05\/INTERCARE-nationaler-Bericht-Anhang-2-April-21.pdf\" target=\"_blank\" rel=\"noopener\">INTERCARE rapport national \u2013 Annexe 2 Avril 21<\/a><\/strong><\/p>\n[\/spb_text_block] [blank_spacer height=\u00a0\u00bb30px\u00a0\u00bb width=\u00a0\u00bb1\/1&Prime; el_position=\u00a0\u00bbfirst last\u00a0\u00bb] [spb_text_block pb_margin_bottom=\u00a0\u00bbyes\u00a0\u00bb pb_border_bottom=\u00a0\u00bbno\u00a0\u00bb width=\u00a0\u00bb1\/1&Prime; el_position=\u00a0\u00bbfirst last\u00a0\u00bb]\n<h2>Publications<\/h2>\n[\/spb_text_block] [spb_text_block pb_margin_bottom=\u00a0\u00bbno\u00a0\u00bb pb_border_bottom=\u00a0\u00bbno\u00a0\u00bb width=\u00a0\u00bb1\/1&Prime; el_position=\u00a0\u00bbfirst last\u00a0\u00bb]\n<h3>2023<\/h3>\n[\/spb_text_block] [spb_text_block pb_margin_bottom=\u00a0\u00bbno\u00a0\u00bb pb_border_bottom=\u00a0\u00bbno\u00a0\u00bb width=\u00a0\u00bb1\/1&Prime; el_position=\u00a0\u00bbfirst last\u00a0\u00bb]\n<p>Guerbaai, R.A., Dollinger, C., Kressig, R.W., Zeller, A., Wellens, N.I.H., Popejoy, L. L., Serdaly, C., Z\u00fa\u00f1iga, F. (2023). Factors associated with avoidable hospital transfers among residents in Swiss nursing homes. Geriatric Nursing, 53, 12 18. <a href=\"https:\/\/doi.org\/10.1016\/j.gerinurse.2023.06.015\">https:\/\/doi.org\/10.1016\/j.gerinurse.2023.06.015<\/a><\/p>\n[\/spb_text_block] [spb_text_block pb_margin_bottom=\u00a0\u00bbno\u00a0\u00bb pb_border_bottom=\u00a0\u00bbno\u00a0\u00bb width=\u00a0\u00bb1\/1&Prime; el_position=\u00a0\u00bbfirst last\u00a0\u00bb]\n<p>Guerbaai, R.A., De Geest, S., Popejoy, L.L., Simon, M., Wellens, N.I.H., Denhaerynck, K., Z\u00fa\u00f1iga, F. Evaluating the implementation fidelity to a successful nurse-led model (INTERCARE) which reduced nursing home unplanned hospitalisations. <em>BMC Health Serv Res<\/em> 23, 138 (2023). <a href=\"https:\/\/doi.org\/10.1186\/s12913-023-09146-8\" target=\"_blank\" rel=\"noopener\">https:\/\/doi.org\/10.1186\/s12913-023-09146-8<\/a><\/p>\n[\/spb_text_block] [spb_text_block pb_margin_bottom=\u00a0\u00bbno\u00a0\u00bb pb_border_bottom=\u00a0\u00bbno\u00a0\u00bb width=\u00a0\u00bb1\/1&Prime; el_position=\u00a0\u00bbfirst last\u00a0\u00bb]\n<h3>2022<\/h3>\n[\/spb_text_block] [spb_text_block pb_margin_bottom=\u00a0\u00bbno\u00a0\u00bb pb_border_bottom=\u00a0\u00bbno\u00a0\u00bb width=\u00a0\u00bb1\/1&Prime; el_position=\u00a0\u00bbfirst last\u00a0\u00bb]\n<p><span lang=\"EN-US\">Litschgi, V., Z\u00fa\u00f1iga, F., Brunkert, T., De Geest, S., Simon, M., Staudacher S., Kressig, R.W., Wellens, N.I.H., Serdaly, C., Bartakova, J., Guerbaai, R.A.<\/span>\u00a0<span lang=\"EN-US\">Sustainable improvement of INTERprofessional care for better resident outcomes: SCALing up an Evidence-based care model for nursing homes (INTERSCALE).\u00a0<span class=\"ng-binding\">A protocol for a scoping literature review (1.0). Zenodo.\u00a0<\/span><a href=\"https:\/\/doi.org\/10.5281\/zenodo.6881266\" target=\"_blank\" rel=\"noopener\">https:\/\/doi.org\/10.5281\/zenodo.6881266<\/a><\/span><\/p>\n[\/spb_text_block] [spb_text_block pb_margin_bottom=\u00a0\u00bbno\u00a0\u00bb pb_border_bottom=\u00a0\u00bbno\u00a0\u00bb width=\u00a0\u00bb1\/1&Prime; el_position=\u00a0\u00bbfirst last\u00a0\u00bb]\n<p>Guerbaai, R.A., Zeller, A., Kressig, R.W., Simon, M., Wellens, N., Serdaly, C., De Pietro, C., Z\u00fa\u00f1iga, F. und die INTERCARE Forschungsgruppe (2022). INTERCARE \u2013 ein pflegegeleitetes Versorgungsmodell zur Reduktion von Spitaleinweisungen.\u00a0<em>Primary and Hospital Care.<\/em>\u00a02022;22(11):335\u2013336.\u00a0<a href=\"https:\/\/doi.org\/10.4414\/phc-d.2022.10568\" target=\"_blank\" rel=\"noopener\">https:\/\/doi.org\/10.4414\/phc-d.2022.10568<\/a><\/p>\n[\/spb_text_block] [spb_text_block pb_margin_bottom=\u00a0\u00bbno\u00a0\u00bb pb_border_bottom=\u00a0\u00bbno\u00a0\u00bb width=\u00a0\u00bb1\/1&Prime; el_position=\u00a0\u00bbfirst last\u00a0\u00bb]\n<p class=\"p1\">Z\u00fa\u00f1iga, F., Wicki, R., Staudacher, S., &amp; Basinska, K. Wie Pflegeexpert_innen in Deutschschweizer Pflegeheimen ihre Rollenentwicklung gestalten.\u00a0<i>Pflege<\/i>. 2022; 35(6):337\u201343.\u00a0<a title=\"https:\/\/doi.org\/10.1024\/1012-5302\/a000889\" contenteditable=\"false\" href=\"https:\/\/doi.org\/10.1024\/1012-5302\/a000889\" target=\"_blank\" rel=\"noopener\">https:\/\/doi.org\/10.1024\/1012-5302\/a000889<\/a><\/p>\n[\/spb_text_block] [spb_text_block pb_margin_bottom=\u00a0\u00bbno\u00a0\u00bb pb_border_bottom=\u00a0\u00bbno\u00a0\u00bb width=\u00a0\u00bb1\/1&Prime; el_position=\u00a0\u00bbfirst last\u00a0\u00bb]\n<p class=\"p1\">Bartakova, J., Z\u00fa\u00f1iga, F., Guerbaai, R.A., Basinska, K., Brunkert, T., Simon, M., Denhaerynck, K., De Geest, S., Wellens, N.I.H., Serdaly, C., Kressig, R.W., Zeller, A., Popejoy, L., Nicca, D., Desmedt, M., De Pietro, C. Health Economic Evaluation of A Nurse-Led Care Model from The Nursing Home Perspective Focusing on Residents\u2019 Hospitalizations.<em>\u00a0BMC Geriatrics.<\/em>\u00a02022; 22(496): 1-16.\u00a0<a href=\"https:\/\/doi.org\/10.1186\/s12877-022-03182-5\" target=\"_blank\" rel=\"noopener\">https:\/\/doi.org\/10.1186\/s12877-022-03182-5<\/a><\/p>\n[\/spb_text_block] [spb_text_block pb_margin_bottom=\u00a0\u00bbno\u00a0\u00bb pb_border_bottom=\u00a0\u00bbno\u00a0\u00bb width=\u00a0\u00bb1\/1&Prime; el_position=\u00a0\u00bbfirst last\u00a0\u00bb]\n<p class=\"p1\">Basinska, K., Z\u00fa\u00f1iga, F., Simon, M., De Geest, S., Guerbaai, R.A., Wellens, N.I.H., Nicca, D., Brunkert, T. Implementation of a complex intervention to reduce hospitalizations from nursing homes: A mixed-method evaluation of implementation process and outcomes.\u00a0<em>BMC Geriatrics.<\/em>\u00a02022; 22(196): 1-14.\u00a0<a href=\"https:\/\/doi.org\/10.1186\/s12877-022-02878-y\" target=\"_blank\" rel=\"noopener\">https:\/\/doi.org\/10.1186\/s12877-022-02878-y<\/a><\/p>\n[\/spb_text_block] [spb_text_block pb_margin_bottom=\u00a0\u00bbno\u00a0\u00bb pb_border_bottom=\u00a0\u00bbno\u00a0\u00bb width=\u00a0\u00bb1\/1&Prime; el_position=\u00a0\u00bbfirst last\u00a0\u00bb]\n<p class=\"p2\">Guerbaai, R.A., Kressig, R.W., Zeller A., Tr\u00f6ger, M., Nickel, C.H., Benkert, B., Wellens, N.I.H., Osi\u0144ska, M., Simon, M., Z\u00fa\u00f1iga, F.,\u00a0Identifying Appropriate Nursing Home Resources to Reduce Fall-Related Emergency Department Transfers.\u00a0<em>The Journal of the American Directors Association.<\/em>\u00a02022; 23(8):1304-1310.e2.\u00a0<a href=\"https:\/\/doi.org\/10.1016\/j.jamda.2022.01.063\" target=\"_blank\" rel=\"noopener\">https:\/\/doi.org\/10.1016\/j.jamda.2022.01.063<\/a><\/p>\n[\/spb_text_block] [spb_text_block pb_margin_bottom=\u00a0\u00bbno\u00a0\u00bb pb_border_bottom=\u00a0\u00bbno\u00a0\u00bb width=\u00a0\u00bb1\/1&Prime; el_position=\u00a0\u00bbfirst last\u00a0\u00bb]\n<p class=\"p2\">Z\u00fa\u00f1iga, F., (shared first authorship), Guerbaai, R.A., (shared first authorship), De Geest, S., Popejoy, L.L., Bartakova, J., Denhaerynck, K., Trutschel, D., Basinska, K., Nicca, D., Kressig, R.W., Zeller, A., Wellens, N.I.H., De Pietro, C., Desmedt, M., Serdaly, C., Simon, M. Positive effect of the INTERCARE nurse-led model on reducing nursing home transfers: a non-randomized stepped-wedge design.\u00a0<em>Journal of the American Geriatrics Society.<\/em>\u00a02022;\u00a0<span dir=\"ltr\">70:1546<\/span><span dir=\"ltr\">\u2013<\/span><span dir=\"ltr\">1557.\u00a0<\/span><a href=\"https:\/\/doi.org\/10.1111\/jgs.17677\" target=\"_blank\" rel=\"noopener\">https:\/\/doi.org\/10.1111\/jgs.17677<\/a><\/p>\n[\/spb_text_block] [spb_text_block pb_margin_bottom=\u00a0\u00bbno\u00a0\u00bb pb_border_bottom=\u00a0\u00bbno\u00a0\u00bb width=\u00a0\u00bb1\/1&Prime; el_position=\u00a0\u00bbfirst last\u00a0\u00bb]\n<h3>2021<\/h3>\n<p>Basinska, K.,\u00a0 K\u00fcnzler-Heule, P., Guerbaai, RA., Z\u00fa\u00f1iga, F., Simon, M., Wellens, N. I. H.,\u00a0 Serdaly, C., Nicca, D.\u00a0Residents\u2019 and Relatives\u2019 Experiences of Acute Situations: A Qualitative Study to Inform a Care Model.\u00a0<em>The Gerontologist.\u00a0<\/em>2021; 61(7):1041\u201352.\u00a0<a href=\"https:\/\/doi.org\/10.1093\/geront\/gnab027\" target=\"_blank\" rel=\"noopener\">https:\/\/doi.org\/10.1093\/geront\/gnab027<\/a><\/p>\n[\/spb_text_block] [spb_text_block pb_margin_bottom=\u00a0\u00bbno\u00a0\u00bb pb_border_bottom=\u00a0\u00bbno\u00a0\u00bb width=\u00a0\u00bb1\/1&Prime; el_position=\u00a0\u00bbfirst last\u00a0\u00bb]\n<h3>2020<\/h3>\n<p>Basinska, K., Wellens, N. I. H., Simon, M., Zeller, A., Kressig, R. W., &amp; Z\u00fa\u00f1iga, F.\u00a0Registered nurses in expanded roles improve care in nursing homes: Swiss perspective based on the modified Delphi method.\u00a0<em>Journal of Advanced Nursing.\u00a0<\/em>2021; 77(2):742\u201354.\u00a0<a href=\"https:\/\/doi.org\/10.1111\/jan.14644\" target=\"_blank\" rel=\"noopener\">https:\/\/doi.org\/10.1111\/jan.14644<\/a><\/p>\n[\/spb_text_block] [spb_text_block pb_margin_bottom=\u00a0\u00bbno\u00a0\u00bb pb_border_bottom=\u00a0\u00bbno\u00a0\u00bb width=\u00a0\u00bb1\/1&Prime; el_position=\u00a0\u00bbfirst last\u00a0\u00bb]\n<h3>2019<\/h3>\n<p>Z\u00fa\u00f1iga, F., De Geest, S., Guerbaai, R.A., Basinska, K., Nicca, D., Kressig, R.W., Zeller, A., Wellens, N.I.H., De Pietro, C., Vlaeyen, E., Desmedt, M., Serdaly, C., Simon, M. (2019). Strengthening Geriatric Expertise in Swiss Nursing Homes: INTERCARE Implementation Study Protocol.\u00a0<em>Journal of the American Geriatrics Society, 67(10), 2145-2150.<\/em>\u00a0<a href=\"https:\/\/doi.org\/10.1111\/jgs.16074\" target=\"_blank\" rel=\"noopener\">https:\/\/doi.org\/10.1111\/jgs.16074<\/a><\/p>\n[\/spb_text_block] [spb_text_block pb_margin_bottom=\u00a0\u00bbno\u00a0\u00bb pb_border_bottom=\u00a0\u00bbno\u00a0\u00bb width=\u00a0\u00bb1\/1&Prime; el_position=\u00a0\u00bbfirst last\u00a0\u00bb]\n<h3>2017<\/h3>\n<p>Z\u00fa\u00f1iga, F., Basinska, K., Kressig, R.W., Zeller, A., Simon, M. Das Projekt INTERCARE, Pflegegeleitete Versorgungs\u00admodelle in der Langzeitpflege.\u00a0<em>Primary and Hospital Care, 17(14), 270-271.<\/em>\u00a0<a href=\"https:\/\/doi.org\/10.4414\/phc-d.2017.01553\" target=\"_blank\" rel=\"noopener\">https:\/\/doi.org\/10.4414\/phc-d.2017.01553<\/a><\/p>\n[\/spb_text_block] [spb_text_block pb_margin_bottom=\u00a0\u00bbno\u00a0\u00bb pb_border_bottom=\u00a0\u00bbno\u00a0\u00bb width=\u00a0\u00bb1\/1&Prime; el_position=\u00a0\u00bbfirst last\u00a0\u00bb]\n<p>SBK-Zeitschrift April 17 \u2013 INTERCARE (1): Projekt INTERCARE: Pflegegeleitete Versorgung<\/p>\n[\/spb_text_block] [blank_spacer height=\u00a0\u00bb30px\u00a0\u00bb width=\u00a0\u00bb1\/1&Prime; el_position=\u00a0\u00bbfirst last\u00a0\u00bb] [spb_text_block pb_margin_bottom=\u00a0\u00bbyes\u00a0\u00bb pb_border_bottom=\u00a0\u00bbno\u00a0\u00bb width=\u00a0\u00bb1\/1&Prime; el_position=\u00a0\u00bbfirst last\u00a0\u00bb]\n<h2>Pr\u00e9sentations<\/h2>\n[\/spb_text_block] [spb_single_image image=\u00a0\u00bb1028&Prime; image_size=\u00a0\u00bbfull\u00a0\u00bb frame=\u00a0\u00bbnoframe\u00a0\u00bb intro_animation=\u00a0\u00bbnone\u00a0\u00bb full_width=\u00a0\u00bbno\u00a0\u00bb lightbox=\u00a0\u00bbyes\u00a0\u00bb image_link=\u00a0\u00bbhttps:\/\/intercare.nursing.unibas.ch\/wp-content\/uploads\/2019\/06\/INTERCARE-SBK-Kongress-DE-FINAL.pdf\u00a0\u00bb link_target=\u00a0\u00bb_blank\u00a0\u00bb caption=\u00a0\u00bbSBK Congr\u00e8s, 16 &#8211; 17 mai 2019&Prime; width=\u00a0\u00bb1\/3&Prime; el_position=\u00a0\u00bbfirst\u00a0\u00bb] [spb_single_image image=\u00a0\u00bb1975&Prime; image_size=\u00a0\u00bbfull\u00a0\u00bb frame=\u00a0\u00bbnoframe\u00a0\u00bb intro_animation=\u00a0\u00bbnone\u00a0\u00bb full_width=\u00a0\u00bbno\u00a0\u00bb lightbox=\u00a0\u00bbyes\u00a0\u00bb image_link=\u00a0\u00bbhttps:\/\/intercare.nursing.unibas.ch\/wp-content\/uploads\/2021\/10\/02_Wellens-et-al_intercare_Phase-A_CALASS-confe\u0301rence_septembre-2021_xx.pdf\u00a0\u00bb link_target=\u00a0\u00bb_blank\u00a0\u00bb caption=\u00a0\u00bbCALASS, 16 &#8211; 18 septembre 2021&Prime; width=\u00a0\u00bb1\/3&Prime;] [spb_single_image image=\u00a0\u00bb1984&Prime; image_size=\u00a0\u00bbfull\u00a0\u00bb frame=\u00a0\u00bbnoframe\u00a0\u00bb intro_animation=\u00a0\u00bbnone\u00a0\u00bb full_width=\u00a0\u00bbno\u00a0\u00bb lightbox=\u00a0\u00bbyes\u00a0\u00bb image_link=\u00a0\u00bbhttps:\/\/intercare.nursing.unibas.ch\/wp-content\/uploads\/2021\/10\/181008_Luzern-conference_final.pdf\u00a0\u00bb link_target=\u00a0\u00bb_blank\u00a0\u00bb caption=\u00a0\u00bbZentralschweizer Pflegesymposium Management &amp; ANP, 16 &#8211; 17 octobre 2018&Prime; width=\u00a0\u00bb1\/3&Prime; el_position=\u00a0\u00bblast\u00a0\u00bb] [blank_spacer height=\u00a0\u00bb30px\u00a0\u00bb width=\u00a0\u00bb2\/3&Prime; el_position=\u00a0\u00bbfirst last\u00a0\u00bb] [\/spb_column]<\/p>\n","protected":false},"excerpt":{"rendered":"<p>[blank_spacer height=\u00a0\u00bb30px\u00a0\u00bb width=\u00a0\u00bb1\/1&Prime; el_position=\u00a0\u00bbfirst last\u00a0\u00bb] [spb_text_block pb_margin_bottom=\u00a0\u00bbyes\u00a0\u00bb pb_border_bottom=\u00a0\u00bbno\u00a0\u00bb width=\u00a0\u00bb1\/1&Prime; el_position=\u00a0\u00bbfirst last\u00a0\u00bb] Second rapport national [\/spb_text_block] [spb_text_block pb_margin_bottom=\u00a0\u00bbno\u00a0\u00bb pb_border_bottom=\u00a0\u00bbno\u00a0\u00bb width=\u00a0\u00bb1\/4&Prime; el_position=\u00a0\u00bbfirst last\u00a0\u00bb] INTERCARE 2nd rapport national &#8211; R\u00e9sum\u00e9 Mars 24 [\/spb_text_block] [blank_spacer height=\u00a0\u00bb30px\u00a0\u00bb width=\u00a0\u00bb1\/1&Prime; el_position=\u00a0\u00bbfirst last\u00a0\u00bb] [spb_column width=\u00a0\u00bb1\/1&Prime; el_position=\u00a0\u00bbfirst last\u00a0\u00bb] [spb_text_block pb_margin_bottom=\u00a0\u00bbyes\u00a0\u00bb pb_border_bottom=\u00a0\u00bbno\u00a0\u00bb width=\u00a0\u00bb1\/1&Prime; el_position=\u00a0\u00bbfirst last\u00a0\u00bb] Premier rapport national [\/spb_text_block] [spb_text_block pb_margin_bottom=\u00a0\u00bbno\u00a0\u00bb pb_border_bottom=\u00a0\u00bbno\u00a0\u00bb width=\u00a0\u00bb1\/4&Prime; el_position=\u00a0\u00bbfirst\u00a0\u00bb] INTERCARE rapport national \u2013 R\u00e9sum\u00e9 Avril [&hellip;]<\/p>\n","protected":false},"author":1,"featured_media":0,"parent":0,"menu_order":10,"comment_status":"closed","ping_status":"closed","template":"","meta":{"footnotes":""},"folder":[32],"class_list":["post-2254","page","type-page","status-publish","hentry"],"yoast_head":"<!-- This site is optimized with the Yoast SEO plugin v27.4 - https:\/\/yoast.com\/product\/yoast-seo-wordpress\/ -->\n<title>Publications - Intercare<\/title>\n<meta name=\"robots\" content=\"index, follow, max-snippet:-1, max-image-preview:large, max-video-preview:-1\" \/>\n<link rel=\"canonical\" href=\"https:\/\/intercare.nursing.unibas.ch\/fr\/publications\/\" \/>\n<meta property=\"og:locale\" content=\"fr_FR\" \/>\n<meta property=\"og:type\" content=\"article\" \/>\n<meta property=\"og:title\" content=\"Publications - Intercare\" \/>\n<meta property=\"og:description\" content=\"[blank_spacer height=\u00a0\u00bb30px\u00a0\u00bb width=\u00a0\u00bb1\/1&Prime; el_position=\u00a0\u00bbfirst last\u00a0\u00bb] [spb_text_block pb_margin_bottom=\u00a0\u00bbyes\u00a0\u00bb pb_border_bottom=\u00a0\u00bbno\u00a0\u00bb width=\u00a0\u00bb1\/1&Prime; el_position=\u00a0\u00bbfirst last\u00a0\u00bb] Second rapport national [\/spb_text_block] [spb_text_block pb_margin_bottom=\u00a0\u00bbno\u00a0\u00bb pb_border_bottom=\u00a0\u00bbno\u00a0\u00bb width=\u00a0\u00bb1\/4&Prime; el_position=\u00a0\u00bbfirst last\u00a0\u00bb] INTERCARE 2nd rapport national &#8211; R\u00e9sum\u00e9 Mars 24 [\/spb_text_block] [blank_spacer height=\u00a0\u00bb30px\u00a0\u00bb width=\u00a0\u00bb1\/1&Prime; el_position=\u00a0\u00bbfirst last\u00a0\u00bb] [spb_column width=\u00a0\u00bb1\/1&Prime; el_position=\u00a0\u00bbfirst last\u00a0\u00bb] [spb_text_block pb_margin_bottom=\u00a0\u00bbyes\u00a0\u00bb pb_border_bottom=\u00a0\u00bbno\u00a0\u00bb width=\u00a0\u00bb1\/1&Prime; el_position=\u00a0\u00bbfirst last\u00a0\u00bb] Premier rapport national [\/spb_text_block] [spb_text_block pb_margin_bottom=\u00a0\u00bbno\u00a0\u00bb pb_border_bottom=\u00a0\u00bbno\u00a0\u00bb width=\u00a0\u00bb1\/4&Prime; el_position=\u00a0\u00bbfirst\u00a0\u00bb] INTERCARE rapport national \u2013 R\u00e9sum\u00e9 Avril [&hellip;]\" \/>\n<meta property=\"og:url\" content=\"https:\/\/intercare.nursing.unibas.ch\/fr\/publications\/\" \/>\n<meta property=\"og:site_name\" content=\"Intercare\" \/>\n<meta property=\"article:modified_time\" content=\"2024-03-26T11:44:58+00:00\" \/>\n<meta property=\"og:image\" content=\"https:\/\/intercare.nursing.unibas.ch\/wp-content\/uploads\/2024\/03\/Image-de-couverture_Resume.png\" \/>\n<meta name=\"twitter:card\" content=\"summary_large_image\" \/>\n<meta name=\"twitter:label1\" content=\"Dur\u00e9e de lecture estim\u00e9e\" \/>\n\t<meta name=\"twitter:data1\" content=\"6 minutes\" \/>\n<script type=\"application\/ld+json\" class=\"yoast-schema-graph\">{\"@context\":\"https:\\\/\\\/schema.org\",\"@graph\":[{\"@type\":\"WebPage\",\"@id\":\"https:\\\/\\\/intercare.nursing.unibas.ch\\\/fr\\\/publications\\\/\",\"url\":\"https:\\\/\\\/intercare.nursing.unibas.ch\\\/fr\\\/publications\\\/\",\"name\":\"Publications - Intercare\",\"isPartOf\":{\"@id\":\"https:\\\/\\\/intercare.nursing.unibas.ch\\\/#website\"},\"primaryImageOfPage\":{\"@id\":\"https:\\\/\\\/intercare.nursing.unibas.ch\\\/fr\\\/publications\\\/#primaryimage\"},\"image\":{\"@id\":\"https:\\\/\\\/intercare.nursing.unibas.ch\\\/fr\\\/publications\\\/#primaryimage\"},\"thumbnailUrl\":\"https:\\\/\\\/intercare.nursing.unibas.ch\\\/wp-content\\\/uploads\\\/2024\\\/03\\\/Image-de-couverture_Resume.png\",\"datePublished\":\"2023-05-11T15:44:18+00:00\",\"dateModified\":\"2024-03-26T11:44:58+00:00\",\"breadcrumb\":{\"@id\":\"https:\\\/\\\/intercare.nursing.unibas.ch\\\/fr\\\/publications\\\/#breadcrumb\"},\"inLanguage\":\"fr-FR\",\"potentialAction\":[{\"@type\":\"ReadAction\",\"target\":[\"https:\\\/\\\/intercare.nursing.unibas.ch\\\/fr\\\/publications\\\/\"]}]},{\"@type\":\"ImageObject\",\"inLanguage\":\"fr-FR\",\"@id\":\"https:\\\/\\\/intercare.nursing.unibas.ch\\\/fr\\\/publications\\\/#primaryimage\",\"url\":\"https:\\\/\\\/intercare.nursing.unibas.ch\\\/wp-content\\\/uploads\\\/2024\\\/03\\\/Image-de-couverture_Resume.png\",\"contentUrl\":\"https:\\\/\\\/intercare.nursing.unibas.ch\\\/wp-content\\\/uploads\\\/2024\\\/03\\\/Image-de-couverture_Resume.png\"},{\"@type\":\"BreadcrumbList\",\"@id\":\"https:\\\/\\\/intercare.nursing.unibas.ch\\\/fr\\\/publications\\\/#breadcrumb\",\"itemListElement\":[{\"@type\":\"ListItem\",\"position\":1,\"name\":\"Startseite\",\"item\":\"https:\\\/\\\/intercare.nursing.unibas.ch\\\/fr\\\/\"},{\"@type\":\"ListItem\",\"position\":2,\"name\":\"Publications\"}]},{\"@type\":\"WebSite\",\"@id\":\"https:\\\/\\\/intercare.nursing.unibas.ch\\\/#website\",\"url\":\"https:\\\/\\\/intercare.nursing.unibas.ch\\\/\",\"name\":\"Intercare\",\"description\":\"Pflegegeleitete Vorsorgemodelle\",\"publisher\":{\"@id\":\"https:\\\/\\\/intercare.nursing.unibas.ch\\\/#organization\"},\"potentialAction\":[{\"@type\":\"SearchAction\",\"target\":{\"@type\":\"EntryPoint\",\"urlTemplate\":\"https:\\\/\\\/intercare.nursing.unibas.ch\\\/?s={search_term_string}\"},\"query-input\":{\"@type\":\"PropertyValueSpecification\",\"valueRequired\":true,\"valueName\":\"search_term_string\"}}],\"inLanguage\":\"fr-FR\"},{\"@type\":\"Organization\",\"@id\":\"https:\\\/\\\/intercare.nursing.unibas.ch\\\/#organization\",\"name\":\"Intercare\",\"url\":\"https:\\\/\\\/intercare.nursing.unibas.ch\\\/\",\"logo\":{\"@type\":\"ImageObject\",\"inLanguage\":\"fr-FR\",\"@id\":\"https:\\\/\\\/intercare.nursing.unibas.ch\\\/#\\\/schema\\\/logo\\\/image\\\/\",\"url\":\"https:\\\/\\\/intercare.nursing.unibas.ch\\\/wp-content\\\/uploads\\\/2023\\\/03\\\/cropped-interscale-intercare-reasearch-project.png\",\"contentUrl\":\"https:\\\/\\\/intercare.nursing.unibas.ch\\\/wp-content\\\/uploads\\\/2023\\\/03\\\/cropped-interscale-intercare-reasearch-project.png\",\"width\":334,\"height\":40,\"caption\":\"Intercare\"},\"image\":{\"@id\":\"https:\\\/\\\/intercare.nursing.unibas.ch\\\/#\\\/schema\\\/logo\\\/image\\\/\"}}]}<\/script>\n<!-- \/ Yoast SEO plugin. -->","yoast_head_json":{"title":"Publications - Intercare","robots":{"index":"index","follow":"follow","max-snippet":"max-snippet:-1","max-image-preview":"max-image-preview:large","max-video-preview":"max-video-preview:-1"},"canonical":"https:\/\/intercare.nursing.unibas.ch\/fr\/publications\/","og_locale":"fr_FR","og_type":"article","og_title":"Publications - Intercare","og_description":"[blank_spacer height=\u00a0\u00bb30px\u00a0\u00bb width=\u00a0\u00bb1\/1&Prime; el_position=\u00a0\u00bbfirst last\u00a0\u00bb] [spb_text_block pb_margin_bottom=\u00a0\u00bbyes\u00a0\u00bb pb_border_bottom=\u00a0\u00bbno\u00a0\u00bb width=\u00a0\u00bb1\/1&Prime; el_position=\u00a0\u00bbfirst last\u00a0\u00bb] Second rapport national [\/spb_text_block] [spb_text_block pb_margin_bottom=\u00a0\u00bbno\u00a0\u00bb pb_border_bottom=\u00a0\u00bbno\u00a0\u00bb width=\u00a0\u00bb1\/4&Prime; el_position=\u00a0\u00bbfirst last\u00a0\u00bb] INTERCARE 2nd rapport national &#8211; R\u00e9sum\u00e9 Mars 24 [\/spb_text_block] [blank_spacer height=\u00a0\u00bb30px\u00a0\u00bb width=\u00a0\u00bb1\/1&Prime; el_position=\u00a0\u00bbfirst last\u00a0\u00bb] [spb_column width=\u00a0\u00bb1\/1&Prime; el_position=\u00a0\u00bbfirst last\u00a0\u00bb] [spb_text_block pb_margin_bottom=\u00a0\u00bbyes\u00a0\u00bb pb_border_bottom=\u00a0\u00bbno\u00a0\u00bb width=\u00a0\u00bb1\/1&Prime; el_position=\u00a0\u00bbfirst last\u00a0\u00bb] Premier rapport national [\/spb_text_block] [spb_text_block pb_margin_bottom=\u00a0\u00bbno\u00a0\u00bb pb_border_bottom=\u00a0\u00bbno\u00a0\u00bb width=\u00a0\u00bb1\/4&Prime; el_position=\u00a0\u00bbfirst\u00a0\u00bb] INTERCARE rapport national \u2013 R\u00e9sum\u00e9 Avril [&hellip;]","og_url":"https:\/\/intercare.nursing.unibas.ch\/fr\/publications\/","og_site_name":"Intercare","article_modified_time":"2024-03-26T11:44:58+00:00","og_image":[{"url":"https:\/\/intercare.nursing.unibas.ch\/wp-content\/uploads\/2024\/03\/Image-de-couverture_Resume.png","type":"","width":"","height":""}],"twitter_card":"summary_large_image","twitter_misc":{"Dur\u00e9e de lecture estim\u00e9e":"6 minutes"},"schema":{"@context":"https:\/\/schema.org","@graph":[{"@type":"WebPage","@id":"https:\/\/intercare.nursing.unibas.ch\/fr\/publications\/","url":"https:\/\/intercare.nursing.unibas.ch\/fr\/publications\/","name":"Publications - Intercare","isPartOf":{"@id":"https:\/\/intercare.nursing.unibas.ch\/#website"},"primaryImageOfPage":{"@id":"https:\/\/intercare.nursing.unibas.ch\/fr\/publications\/#primaryimage"},"image":{"@id":"https:\/\/intercare.nursing.unibas.ch\/fr\/publications\/#primaryimage"},"thumbnailUrl":"https:\/\/intercare.nursing.unibas.ch\/wp-content\/uploads\/2024\/03\/Image-de-couverture_Resume.png","datePublished":"2023-05-11T15:44:18+00:00","dateModified":"2024-03-26T11:44:58+00:00","breadcrumb":{"@id":"https:\/\/intercare.nursing.unibas.ch\/fr\/publications\/#breadcrumb"},"inLanguage":"fr-FR","potentialAction":[{"@type":"ReadAction","target":["https:\/\/intercare.nursing.unibas.ch\/fr\/publications\/"]}]},{"@type":"ImageObject","inLanguage":"fr-FR","@id":"https:\/\/intercare.nursing.unibas.ch\/fr\/publications\/#primaryimage","url":"https:\/\/intercare.nursing.unibas.ch\/wp-content\/uploads\/2024\/03\/Image-de-couverture_Resume.png","contentUrl":"https:\/\/intercare.nursing.unibas.ch\/wp-content\/uploads\/2024\/03\/Image-de-couverture_Resume.png"},{"@type":"BreadcrumbList","@id":"https:\/\/intercare.nursing.unibas.ch\/fr\/publications\/#breadcrumb","itemListElement":[{"@type":"ListItem","position":1,"name":"Startseite","item":"https:\/\/intercare.nursing.unibas.ch\/fr\/"},{"@type":"ListItem","position":2,"name":"Publications"}]},{"@type":"WebSite","@id":"https:\/\/intercare.nursing.unibas.ch\/#website","url":"https:\/\/intercare.nursing.unibas.ch\/","name":"Intercare","description":"Pflegegeleitete Vorsorgemodelle","publisher":{"@id":"https:\/\/intercare.nursing.unibas.ch\/#organization"},"potentialAction":[{"@type":"SearchAction","target":{"@type":"EntryPoint","urlTemplate":"https:\/\/intercare.nursing.unibas.ch\/?s={search_term_string}"},"query-input":{"@type":"PropertyValueSpecification","valueRequired":true,"valueName":"search_term_string"}}],"inLanguage":"fr-FR"},{"@type":"Organization","@id":"https:\/\/intercare.nursing.unibas.ch\/#organization","name":"Intercare","url":"https:\/\/intercare.nursing.unibas.ch\/","logo":{"@type":"ImageObject","inLanguage":"fr-FR","@id":"https:\/\/intercare.nursing.unibas.ch\/#\/schema\/logo\/image\/","url":"https:\/\/intercare.nursing.unibas.ch\/wp-content\/uploads\/2023\/03\/cropped-interscale-intercare-reasearch-project.png","contentUrl":"https:\/\/intercare.nursing.unibas.ch\/wp-content\/uploads\/2023\/03\/cropped-interscale-intercare-reasearch-project.png","width":334,"height":40,"caption":"Intercare"},"image":{"@id":"https:\/\/intercare.nursing.unibas.ch\/#\/schema\/logo\/image\/"}}]}},"_links":{"self":[{"href":"https:\/\/intercare.nursing.unibas.ch\/fr\/wp-json\/wp\/v2\/pages\/2254","targetHints":{"allow":["GET"]}}],"collection":[{"href":"https:\/\/intercare.nursing.unibas.ch\/fr\/wp-json\/wp\/v2\/pages"}],"about":[{"href":"https:\/\/intercare.nursing.unibas.ch\/fr\/wp-json\/wp\/v2\/types\/page"}],"author":[{"embeddable":true,"href":"https:\/\/intercare.nursing.unibas.ch\/fr\/wp-json\/wp\/v2\/users\/1"}],"replies":[{"embeddable":true,"href":"https:\/\/intercare.nursing.unibas.ch\/fr\/wp-json\/wp\/v2\/comments?post=2254"}],"version-history":[{"count":4,"href":"https:\/\/intercare.nursing.unibas.ch\/fr\/wp-json\/wp\/v2\/pages\/2254\/revisions"}],"predecessor-version":[{"id":2951,"href":"https:\/\/intercare.nursing.unibas.ch\/fr\/wp-json\/wp\/v2\/pages\/2254\/revisions\/2951"}],"wp:attachment":[{"href":"https:\/\/intercare.nursing.unibas.ch\/fr\/wp-json\/wp\/v2\/media?parent=2254"}],"wp:term":[{"taxonomy":"folder","embeddable":true,"href":"https:\/\/intercare.nursing.unibas.ch\/fr\/wp-json\/wp\/v2\/folder?post=2254"}],"curies":[{"name":"wp","href":"https:\/\/api.w.org\/{rel}","templated":true}]}}