{"id":2101,"date":"2023-05-15T14:20:11","date_gmt":"2023-05-15T12:20:11","guid":{"rendered":"https:\/\/intercare.nursing.unibas.ch\/?page_id=2101"},"modified":"2026-03-11T18:49:07","modified_gmt":"2026-03-11T17:49:07","slug":"accueil","status":"publish","type":"page","link":"https:\/\/intercare.nursing.unibas.ch\/fr\/","title":{"rendered":"Accueil"},"content":{"rendered":"[blank_spacer height=\u00a0\u00bb30px\u00a0\u00bb width=\u00a0\u00bb1\/1&Prime; el_position=\u00a0\u00bbfirst last\u00a0\u00bb] [spb_column width=\u00a0\u00bb1\/3&Prime; el_position=\u00a0\u00bbfirst\u00a0\u00bb] [spb_text_block title=\u00a0\u00bbQu&rsquo;est-ce qu&rsquo;INTERCARE?\u00a0\u00bb pb_margin_bottom=\u00a0\u00bbyes\u00a0\u00bb pb_border_bottom=\u00a0\u00bbno\u00a0\u00bb width=\u00a0\u00bb1\/1&Prime; el_position=\u00a0\u00bbfirst last\u00a0\u00bb]\n<p>INTERCARE est un mod\u00e8le de soins interprofessionnel dirig\u00e9 par des infirmier-e-s, d\u00e9velopp\u00e9 sp\u00e9cifiquement pour les \u00e9tablissements m\u00e9dico-sociaux (EMS) en Suisse Al\u00e9manique, qui permet de r\u00e9duire les transferts non planifi\u00e9s de l\u2019EMS vers l\u2019h\u00f4pital. INTERCARE a \u00e9t\u00e9 d\u00e9velopp\u00e9 dans le cadre du projet de recherche du m\u00eame nom, conduit de 2017 \u00e0 2021 et soutenu par le Fonds national suisse (FNS) &#8211; dans le cadre du Programme national de recherche 74-, par la Fondation Stiftung Pflegewissenschaft Schweiz et par la Fondation Ebnet.<\/p>\n<p><span lang=\"FR\" style=\"color: #ff9900;\"><a style=\"color: #ff9900;\" href=\"https:\/\/intercare.nursing.unibas.ch\/fr\/etude\/\" target=\"_blank\" rel=\"noopener\">En savoir plus sur l&rsquo;\u00e9tude INTERCARE<\/a><\/span><\/p>\n[\/spb_text_block] [spb_text_block title=\u00a0\u00bbRapport national\u00a0\u00bb pb_margin_bottom=\u00a0\u00bbyes\u00a0\u00bb pb_border_bottom=\u00a0\u00bbno\u00a0\u00bb width=\u00a0\u00bb1\/1&Prime; el_position=\u00a0\u00bbfirst last\u00a0\u00bb]\n<p>Un mod\u00e8le de soins pour renforcer l\u2019expertise g\u00e9riatrique au sein d\u2019\u00e9tablissements m\u00e9dico-sociaux : le d\u00e9veloppement du mod\u00e8le INTERCARE et son contenu.<\/p>\n<p><span style=\"color: #ff9900;\"><a style=\"color: #ff9900;\" href=\"https:\/\/intercare.nursing.unibas.ch\/fr\/publications\/\" target=\"_blank\" rel=\"noopener\">Acc\u00e9der au rapport<\/a><\/span><\/p>\n[\/spb_text_block] [\/spb_column] [spb_column width=\u00a0\u00bb1\/3&Prime;] [spb_text_block title=\u00a0\u00bbQu&rsquo;est-ce qu&rsquo;INTERSCALE ?\u00a0\u00bb pb_margin_bottom=\u00a0\u00bbyes\u00a0\u00bb pb_border_bottom=\u00a0\u00bbno\u00a0\u00bb width=\u00a0\u00bb1\/1&Prime; el_position=\u00a0\u00bbfirst last\u00a0\u00bb]\n<p>INTERSCALE est un projet de recherche financ\u00e9 par la Fondation Stiftung Pflegewissenschaft Schweiz et le Fonds national suisse (FNS), qui vise \u00e0 reproduire \u00e0 plus grande \u00e9chelle le mod\u00e8le de soins INTERCARE. Il s&rsquo;agira de d\u00e9terminer si un ensemble de strat\u00e9gies de mise en \u0153uvre, sollicitant moins de ressources que celles d\u00e9velopp\u00e9es pour le mod\u00e8le INTERCARE, sont en mesure de r\u00e9duire aussi efficacement les transferts hospitaliers non planifi\u00e9s, et d\u2019assurer une mise en \u0153uvre durable d&rsquo;INTERCARE. Le rapport co\u00fbt-efficacit\u00e9 des strat\u00e9gies de mise en \u0153uvre sera \u00e9galement \u00e9valu\u00e9. \u00c0 cette fin, le mod\u00e8le INTERCARE sera adapt\u00e9 et mis \u00e0 jour sur la base des exp\u00e9riences d&rsquo;INTERCARE et, simultan\u00e9ment, un ensemble plus l\u00e9ger de strat\u00e9gies de mise en \u0153uvre sera d\u00e9velopp\u00e9.<\/p>\n<p><span style=\"color: #ff9900;\"><a style=\"color: #ff9900;\" href=\"https:\/\/intercare.nursing.unibas.ch\/fr\/etude-interscale\/\" target=\"_blank\" rel=\"noopener\">En savoir plus sur l&rsquo;\u00e9tude INTERSCALE<\/a><\/span><\/p>\n<p>&nbsp;<\/p>\n[\/spb_text_block] [\/spb_column] [spb_column width=\u00a0\u00bb1\/3&Prime; el_position=\u00a0\u00bblast\u00a0\u00bb] [spb_text_block title=\u00a0\u00bbEnqu\u00eate nationale\u00a0\u00bb pb_margin_bottom=\u00a0\u00bbyes\u00a0\u00bb pb_border_bottom=\u00a0\u00bbno\u00a0\u00bb width=\u00a0\u00bb1\/1&Prime; el_position=\u00a0\u00bbfirst last\u00a0\u00bb]\n<p><strong>Que vaut la qualit\u00e9 des soins pour vous ?<\/strong><\/p>\n<p>Les comp\u00e9tences g\u00e9riatriques ont un prix \u2013 leur absence aussi.<br \/>\nQuelle place occupe aujourd\u2019hui ce savoir sp\u00e9cialis\u00e9 dans les EMS ?<\/p>\n<p><span style=\"color: #ff9900;\"><a style=\"color: #ff9900;\" href=\"https:\/\/intercare.nursing.unibas.ch\/fr\/valeur-expertise\/\">Participez \u00e0 l&rsquo;enqu\u00eate nationale et voyons plus clair ensemble pour demain !<\/a><\/span><\/p>\n[\/spb_text_block] [spb_text_block title=\u00a0\u00bbCAS INTERCARE\u00a0\u00bb pb_margin_bottom=\u00a0\u00bbyes\u00a0\u00bb pb_border_bottom=\u00a0\u00bbno\u00a0\u00bb width=\u00a0\u00bb1\/1&Prime; el_position=\u00a0\u00bbfirst last\u00a0\u00bb]\n<p>Certificate of Advanced Studies (CAS) \u201cINTERCARE- Expertise clinique en g\u00e9riatrie\u201d.<\/p>\n<p>Formation \u00e0 temps partiel d&rsquo;une dur\u00e9e de 1,5 ans pour les infirmier-\u00e8res.<\/p>\n<p>Le prochain d\u00e9marrage est pr\u00e9vu dans le cadre de la mise en \u0153uvre de l&rsquo;\u00e9tude INTERSCALE, veuillez contacter l&rsquo;administration du programme (<a href=\"mailto:heike.heinemann@unibas.ch\" target=\"_blank\" rel=\"noopener\"><span style=\"color: #ff9900;\">ici<\/span><\/a>) si vous \u00eates int\u00e9ress\u00e9-e par le CAS.<\/p>\n<p><span style=\"color: #ff9900;\"><a style=\"color: #ff9900;\" href=\"https:\/\/intercare.nursing.unibas.ch\/wp-content\/uploads\/2023\/10\/UNIBAS-INS-CAS-INTERCARE-Flyer-v6-230725.pdf\" target=\"_blank\" rel=\"noopener noreferrer\">Flyer (en allemand)<\/a><\/span><\/p>\n<p><span style=\"color: #ff9900;\"><a style=\"color: #ff9900;\" href=\"https:\/\/nursing.unibas.ch\/de\/weiterbildung\/cas-intercare\/\">En savoir plus sur le CAS INTERCARE (en allemand)<\/a><\/span><\/p>\n[\/spb_text_block] [\/spb_column]<\/p>\n","protected":false},"excerpt":{"rendered":"<p>[blank_spacer height=\u00a0\u00bb30px\u00a0\u00bb width=\u00a0\u00bb1\/1&Prime; el_position=\u00a0\u00bbfirst last\u00a0\u00bb] [spb_column width=\u00a0\u00bb1\/3&Prime; el_position=\u00a0\u00bbfirst\u00a0\u00bb] [spb_text_block title=\u00a0\u00bbQu&rsquo;est-ce qu&rsquo;INTERCARE?\u00a0\u00bb pb_margin_bottom=\u00a0\u00bbyes\u00a0\u00bb pb_border_bottom=\u00a0\u00bbno\u00a0\u00bb width=\u00a0\u00bb1\/1&Prime; el_position=\u00a0\u00bbfirst last\u00a0\u00bb] INTERCARE est un mod\u00e8le de soins interprofessionnel dirig\u00e9 par des infirmier-e-s, d\u00e9velopp\u00e9 sp\u00e9cifiquement pour les \u00e9tablissements m\u00e9dico-sociaux (EMS) en Suisse Al\u00e9manique, qui permet de r\u00e9duire les transferts non planifi\u00e9s de l\u2019EMS vers l\u2019h\u00f4pital. INTERCARE a \u00e9t\u00e9 d\u00e9velopp\u00e9 dans le cadre du projet de recherche [&hellip;]<\/p>\n","protected":false},"author":1,"featured_media":0,"parent":0,"menu_order":10,"comment_status":"closed","ping_status":"closed","template":"","meta":{"footnotes":""},"folder":[32],"class_list":["post-2101","page","type-page","status-publish","hentry"],"yoast_head":"<!-- This site is optimized with the Yoast SEO plugin v27.4 - https:\/\/yoast.com\/product\/yoast-seo-wordpress\/ -->\n<title>Accueil - Intercare<\/title>\n<meta name=\"robots\" content=\"index, follow, max-snippet:-1, max-image-preview:large, max-video-preview:-1\" \/>\n<link rel=\"canonical\" href=\"https:\/\/intercare.nursing.unibas.ch\/fr\/\" \/>\n<meta property=\"og:locale\" content=\"fr_FR\" \/>\n<meta property=\"og:type\" content=\"article\" \/>\n<meta property=\"og:title\" content=\"Accueil - Intercare\" \/>\n<meta property=\"og:description\" content=\"[blank_spacer height=\u00a0\u00bb30px\u00a0\u00bb width=\u00a0\u00bb1\/1&Prime; el_position=\u00a0\u00bbfirst last\u00a0\u00bb] [spb_column width=\u00a0\u00bb1\/3&Prime; el_position=\u00a0\u00bbfirst\u00a0\u00bb] [spb_text_block title=\u00a0\u00bbQu&rsquo;est-ce qu&rsquo;INTERCARE?\u00a0\u00bb pb_margin_bottom=\u00a0\u00bbyes\u00a0\u00bb pb_border_bottom=\u00a0\u00bbno\u00a0\u00bb width=\u00a0\u00bb1\/1&Prime; el_position=\u00a0\u00bbfirst last\u00a0\u00bb] INTERCARE est un mod\u00e8le de soins interprofessionnel dirig\u00e9 par des infirmier-e-s, d\u00e9velopp\u00e9 sp\u00e9cifiquement pour les \u00e9tablissements m\u00e9dico-sociaux (EMS) en Suisse Al\u00e9manique, qui permet de r\u00e9duire les transferts non planifi\u00e9s de l\u2019EMS vers l\u2019h\u00f4pital. INTERCARE a \u00e9t\u00e9 d\u00e9velopp\u00e9 dans le cadre du projet de recherche [&hellip;]\" \/>\n<meta property=\"og:url\" content=\"https:\/\/intercare.nursing.unibas.ch\/fr\/\" \/>\n<meta property=\"og:site_name\" content=\"Intercare\" \/>\n<meta property=\"article:modified_time\" content=\"2026-03-11T17:49:07+00:00\" \/>\n<meta name=\"twitter:card\" content=\"summary_large_image\" \/>\n<meta name=\"twitter:label1\" content=\"Dur\u00e9e de lecture estim\u00e9e\" \/>\n\t<meta name=\"twitter:data1\" content=\"2 minutes\" \/>\n<script type=\"application\/ld+json\" class=\"yoast-schema-graph\">{\"@context\":\"https:\\\/\\\/schema.org\",\"@graph\":[{\"@type\":\"WebPage\",\"@id\":\"https:\\\/\\\/intercare.nursing.unibas.ch\\\/fr\\\/\",\"url\":\"https:\\\/\\\/intercare.nursing.unibas.ch\\\/fr\\\/\",\"name\":\"Accueil - Intercare\",\"isPartOf\":{\"@id\":\"https:\\\/\\\/intercare.nursing.unibas.ch\\\/#website\"},\"datePublished\":\"2023-05-15T12:20:11+00:00\",\"dateModified\":\"2026-03-11T17:49:07+00:00\",\"breadcrumb\":{\"@id\":\"https:\\\/\\\/intercare.nursing.unibas.ch\\\/fr\\\/#breadcrumb\"},\"inLanguage\":\"fr-FR\",\"potentialAction\":[{\"@type\":\"ReadAction\",\"target\":[\"https:\\\/\\\/intercare.nursing.unibas.ch\\\/fr\\\/\"]}]},{\"@type\":\"BreadcrumbList\",\"@id\":\"https:\\\/\\\/intercare.nursing.unibas.ch\\\/fr\\\/#breadcrumb\",\"itemListElement\":[{\"@type\":\"ListItem\",\"position\":1,\"name\":\"Startseite\",\"item\":\"https:\\\/\\\/intercare.nursing.unibas.ch\\\/fr\\\/\"},{\"@type\":\"ListItem\",\"position\":2,\"name\":\"Accueil\"}]},{\"@type\":\"WebSite\",\"@id\":\"https:\\\/\\\/intercare.nursing.unibas.ch\\\/#website\",\"url\":\"https:\\\/\\\/intercare.nursing.unibas.ch\\\/\",\"name\":\"Intercare\",\"description\":\"Pflegegeleitete Vorsorgemodelle\",\"publisher\":{\"@id\":\"https:\\\/\\\/intercare.nursing.unibas.ch\\\/#organization\"},\"potentialAction\":[{\"@type\":\"SearchAction\",\"target\":{\"@type\":\"EntryPoint\",\"urlTemplate\":\"https:\\\/\\\/intercare.nursing.unibas.ch\\\/?s={search_term_string}\"},\"query-input\":{\"@type\":\"PropertyValueSpecification\",\"valueRequired\":true,\"valueName\":\"search_term_string\"}}],\"inLanguage\":\"fr-FR\"},{\"@type\":\"Organization\",\"@id\":\"https:\\\/\\\/intercare.nursing.unibas.ch\\\/#organization\",\"name\":\"Intercare\",\"url\":\"https:\\\/\\\/intercare.nursing.unibas.ch\\\/\",\"logo\":{\"@type\":\"ImageObject\",\"inLanguage\":\"fr-FR\",\"@id\":\"https:\\\/\\\/intercare.nursing.unibas.ch\\\/#\\\/schema\\\/logo\\\/image\\\/\",\"url\":\"https:\\\/\\\/intercare.nursing.unibas.ch\\\/wp-content\\\/uploads\\\/2023\\\/03\\\/cropped-interscale-intercare-reasearch-project.png\",\"contentUrl\":\"https:\\\/\\\/intercare.nursing.unibas.ch\\\/wp-content\\\/uploads\\\/2023\\\/03\\\/cropped-interscale-intercare-reasearch-project.png\",\"width\":334,\"height\":40,\"caption\":\"Intercare\"},\"image\":{\"@id\":\"https:\\\/\\\/intercare.nursing.unibas.ch\\\/#\\\/schema\\\/logo\\\/image\\\/\"}}]}<\/script>\n<!-- \/ Yoast SEO plugin. -->","yoast_head_json":{"title":"Accueil - Intercare","robots":{"index":"index","follow":"follow","max-snippet":"max-snippet:-1","max-image-preview":"max-image-preview:large","max-video-preview":"max-video-preview:-1"},"canonical":"https:\/\/intercare.nursing.unibas.ch\/fr\/","og_locale":"fr_FR","og_type":"article","og_title":"Accueil - Intercare","og_description":"[blank_spacer height=\u00a0\u00bb30px\u00a0\u00bb width=\u00a0\u00bb1\/1&Prime; el_position=\u00a0\u00bbfirst last\u00a0\u00bb] [spb_column width=\u00a0\u00bb1\/3&Prime; el_position=\u00a0\u00bbfirst\u00a0\u00bb] [spb_text_block title=\u00a0\u00bbQu&rsquo;est-ce qu&rsquo;INTERCARE?\u00a0\u00bb pb_margin_bottom=\u00a0\u00bbyes\u00a0\u00bb pb_border_bottom=\u00a0\u00bbno\u00a0\u00bb width=\u00a0\u00bb1\/1&Prime; el_position=\u00a0\u00bbfirst last\u00a0\u00bb] INTERCARE est un mod\u00e8le de soins interprofessionnel dirig\u00e9 par des infirmier-e-s, d\u00e9velopp\u00e9 sp\u00e9cifiquement pour les \u00e9tablissements m\u00e9dico-sociaux (EMS) en Suisse Al\u00e9manique, qui permet de r\u00e9duire les transferts non planifi\u00e9s de l\u2019EMS vers l\u2019h\u00f4pital. INTERCARE a \u00e9t\u00e9 d\u00e9velopp\u00e9 dans le cadre du projet de recherche [&hellip;]","og_url":"https:\/\/intercare.nursing.unibas.ch\/fr\/","og_site_name":"Intercare","article_modified_time":"2026-03-11T17:49:07+00:00","twitter_card":"summary_large_image","twitter_misc":{"Dur\u00e9e de lecture estim\u00e9e":"2 minutes"},"schema":{"@context":"https:\/\/schema.org","@graph":[{"@type":"WebPage","@id":"https:\/\/intercare.nursing.unibas.ch\/fr\/","url":"https:\/\/intercare.nursing.unibas.ch\/fr\/","name":"Accueil - Intercare","isPartOf":{"@id":"https:\/\/intercare.nursing.unibas.ch\/#website"},"datePublished":"2023-05-15T12:20:11+00:00","dateModified":"2026-03-11T17:49:07+00:00","breadcrumb":{"@id":"https:\/\/intercare.nursing.unibas.ch\/fr\/#breadcrumb"},"inLanguage":"fr-FR","potentialAction":[{"@type":"ReadAction","target":["https:\/\/intercare.nursing.unibas.ch\/fr\/"]}]},{"@type":"BreadcrumbList","@id":"https:\/\/intercare.nursing.unibas.ch\/fr\/#breadcrumb","itemListElement":[{"@type":"ListItem","position":1,"name":"Startseite","item":"https:\/\/intercare.nursing.unibas.ch\/fr\/"},{"@type":"ListItem","position":2,"name":"Accueil"}]},{"@type":"WebSite","@id":"https:\/\/intercare.nursing.unibas.ch\/#website","url":"https:\/\/intercare.nursing.unibas.ch\/","name":"Intercare","description":"Pflegegeleitete Vorsorgemodelle","publisher":{"@id":"https:\/\/intercare.nursing.unibas.ch\/#organization"},"potentialAction":[{"@type":"SearchAction","target":{"@type":"EntryPoint","urlTemplate":"https:\/\/intercare.nursing.unibas.ch\/?s={search_term_string}"},"query-input":{"@type":"PropertyValueSpecification","valueRequired":true,"valueName":"search_term_string"}}],"inLanguage":"fr-FR"},{"@type":"Organization","@id":"https:\/\/intercare.nursing.unibas.ch\/#organization","name":"Intercare","url":"https:\/\/intercare.nursing.unibas.ch\/","logo":{"@type":"ImageObject","inLanguage":"fr-FR","@id":"https:\/\/intercare.nursing.unibas.ch\/#\/schema\/logo\/image\/","url":"https:\/\/intercare.nursing.unibas.ch\/wp-content\/uploads\/2023\/03\/cropped-interscale-intercare-reasearch-project.png","contentUrl":"https:\/\/intercare.nursing.unibas.ch\/wp-content\/uploads\/2023\/03\/cropped-interscale-intercare-reasearch-project.png","width":334,"height":40,"caption":"Intercare"},"image":{"@id":"https:\/\/intercare.nursing.unibas.ch\/#\/schema\/logo\/image\/"}}]}},"_links":{"self":[{"href":"https:\/\/intercare.nursing.unibas.ch\/fr\/wp-json\/wp\/v2\/pages\/2101","targetHints":{"allow":["GET"]}}],"collection":[{"href":"https:\/\/intercare.nursing.unibas.ch\/fr\/wp-json\/wp\/v2\/pages"}],"about":[{"href":"https:\/\/intercare.nursing.unibas.ch\/fr\/wp-json\/wp\/v2\/types\/page"}],"author":[{"embeddable":true,"href":"https:\/\/intercare.nursing.unibas.ch\/fr\/wp-json\/wp\/v2\/users\/1"}],"replies":[{"embeddable":true,"href":"https:\/\/intercare.nursing.unibas.ch\/fr\/wp-json\/wp\/v2\/comments?post=2101"}],"version-history":[{"count":8,"href":"https:\/\/intercare.nursing.unibas.ch\/fr\/wp-json\/wp\/v2\/pages\/2101\/revisions"}],"predecessor-version":[{"id":3151,"href":"https:\/\/intercare.nursing.unibas.ch\/fr\/wp-json\/wp\/v2\/pages\/2101\/revisions\/3151"}],"wp:attachment":[{"href":"https:\/\/intercare.nursing.unibas.ch\/fr\/wp-json\/wp\/v2\/media?parent=2101"}],"wp:term":[{"taxonomy":"folder","embeddable":true,"href":"https:\/\/intercare.nursing.unibas.ch\/fr\/wp-json\/wp\/v2\/folder?post=2101"}],"curies":[{"name":"wp","href":"https:\/\/api.w.org\/{rel}","templated":true}]}}