{"id":1889,"date":"2021-05-21T15:32:04","date_gmt":"2021-05-21T13:32:04","guid":{"rendered":"https:\/\/intercare.nursing.unibas.ch\/?page_id=1889"},"modified":"2023-05-11T11:46:16","modified_gmt":"2023-05-11T09:46:16","slug":"intercare","status":"publish","type":"page","link":"https:\/\/intercare.nursing.unibas.ch\/fr\/conference\/intercare\/","title":{"rendered":"Pr\u00e9sentations du congr\u00e8s"},"content":{"rendered":"[blank_spacer height=\u00a0\u00bb30px\u00a0\u00bb width=\u00a0\u00bb1\/1&Prime; el_position=\u00a0\u00bbfirst last\u00a0\u00bb] [spb_text_block pb_margin_bottom=\u00a0\u00bbno\u00a0\u00bb pb_border_bottom=\u00a0\u00bbno\u00a0\u00bb width=\u00a0\u00bb1\/1&Prime; el_position=\u00a0\u00bbfirst last\u00a0\u00bb]\n<h3 class=\"p-name\">Franziska Z\u00fa\u00f1iga &#8211; Das INTERCARE Modell: Die Grundidee und Kernelmente<\/h3>\n<p><a href=\"https:\/\/intercare.nursing.unibas.ch\/wp-content\/uploads\/2021\/05\/B1_Lecture-1_Einfuehrung-INTERCARE_Zuniga.pdf\" target=\"_blank\" rel=\"noopener\"><b>Zur Pr\u00e4sentation<\/b><\/a><\/p>\n[\/spb_text_block] [spb_raw_html width=\u00a0\u00bb1\/1&Prime; el_position=\u00a0\u00bbfirst last\u00a0\u00bb]JTNDaWZyYW1lJTIwd2lkdGglM0QlMjI2NDAlMjIlMjBoZWlnaHQlM0QlMjIzNjAlMjIlMjBzcmMlM0QlMjJodHRwcyUzQSUyRiUyRnR1YmUuc3dpdGNoLmNoJTJGZW1iZWQlMkZzWHJUbnByejlVJTIyJTIwZnJhbWVib3JkZXIlM0QlMjIwJTIyJTIwYWxsb3clM0QlMjJmdWxsc2NyZWVuJTIyJTIwYWxsb3dmdWxsc2NyZWVuJTNFJTNDJTJGaWZyYW1lJTNF[\/spb_raw_html] [blank_spacer height=\u00a0\u00bb60px\u00a0\u00bb width=\u00a0\u00bb1\/1&Prime; el_position=\u00a0\u00bbfirst last\u00a0\u00bb] [spb_text_block pb_margin_bottom=\u00a0\u00bbno\u00a0\u00bb pb_border_bottom=\u00a0\u00bbno\u00a0\u00bb width=\u00a0\u00bb1\/1&Prime; el_position=\u00a0\u00bbfirst last\u00a0\u00bb]\n<h3 class=\"p-name\">Michael Simon &#8211;\u00a0Klinische Ergebnisse des INTERCARE Modells<\/h3>\n<p><a href=\"https:\/\/intercare.nursing.unibas.ch\/wp-content\/uploads\/2021\/05\/B1_Lecture-2_Klinische-Ergebnisse-Simon.pdf\" target=\"_blank\" rel=\"noopener\"><strong>Zur Pr\u00e4sentation<\/strong><\/a><\/p>\n[\/spb_text_block] [spb_raw_html width=\u00a0\u00bb1\/1&Prime; el_position=\u00a0\u00bbfirst last\u00a0\u00bb]JTNDaWZyYW1lJTIwd2lkdGglM0QlMjI2NDAlMjIlMjBoZWlnaHQlM0QlMjIzNjAlMjIlMjBzcmMlM0QlMjJodHRwcyUzQSUyRiUyRnR1YmUuc3dpdGNoLmNoJTJGZW1iZWQlMkZwR05nY213QWd4JTIyJTIwZnJhbWVib3JkZXIlM0QlMjIwJTIyJTIwYWxsb3clM0QlMjJmdWxsc2NyZWVuJTIyJTIwYWxsb3dmdWxsc2NyZWVuJTNFJTNDJTJGaWZyYW1lJTNF[\/spb_raw_html] [blank_spacer height=\u00a0\u00bb60px\u00a0\u00bb width=\u00a0\u00bb1\/1&Prime; el_position=\u00a0\u00bbfirst last\u00a0\u00bb] [spb_text_block pb_margin_bottom=\u00a0\u00bbno\u00a0\u00bb pb_border_bottom=\u00a0\u00bbno\u00a0\u00bb width=\u00a0\u00bb1\/1&Prime; el_position=\u00a0\u00bbfirst last\u00a0\u00bb]\n<h3 class=\"p-name\">Natalie Zimmermann &#8211; Implementierung des neuen Versorgungsmodelles in den Institutionen<\/h3>\n<p><a href=\"https:\/\/intercare.nursing.unibas.ch\/wp-content\/uploads\/2021\/05\/B2_Lecture-3_Implementierung_Zimmermann.pdf\" target=\"_blank\" rel=\"noopener\"><strong>Zur Pr\u00e4sentation<\/strong><\/a><\/p>\n[\/spb_text_block] [spb_raw_html width=\u00a0\u00bb1\/1&Prime; el_position=\u00a0\u00bbfirst last\u00a0\u00bb]JTNDaWZyYW1lJTIwd2lkdGglM0QlMjI2NDAlMjIlMjBoZWlnaHQlM0QlMjIzNjAlMjIlMjBzcmMlM0QlMjJodHRwcyUzQSUyRiUyRnR1YmUuc3dpdGNoLmNoJTJGZW1iZWQlMkZHdzNnSTk4a0tVJTIyJTIwZnJhbWVib3JkZXIlM0QlMjIwJTIyJTIwYWxsb3clM0QlMjJmdWxsc2NyZWVuJTIyJTIwYWxsb3dmdWxsc2NyZWVuJTNFJTNDJTJGaWZyYW1lJTNF[\/spb_raw_html] [blank_spacer height=\u00a0\u00bb60px\u00a0\u00bb width=\u00a0\u00bb1\/1&Prime; el_position=\u00a0\u00bbfirst last\u00a0\u00bb] [spb_text_block pb_margin_bottom=\u00a0\u00bbno\u00a0\u00bb pb_border_bottom=\u00a0\u00bbno\u00a0\u00bb width=\u00a0\u00bb1\/1&Prime; el_position=\u00a0\u00bbfirst last\u00a0\u00bb]\n<h3><span lang=\"EN-US\">Rapha\u00eblle-Ashley Guerbaai &#8211;\u00a0<\/span>Pre-requisites and &lsquo;food for thought&rsquo; prior to implementation of INTERCARE<\/h3>\n<p><a href=\"https:\/\/intercare.nursing.unibas.ch\/wp-content\/uploads\/2021\/05\/B2_Lecture-4_Costs_Guerbaai.pdf\" target=\"_blank\" rel=\"noopener\"><strong>Zur Pr\u00e4sentation<\/strong><\/a><\/p>\n[\/spb_text_block] [spb_raw_html width=\u00a0\u00bb1\/1&Prime; el_position=\u00a0\u00bbfirst last\u00a0\u00bb]JTNDaWZyYW1lJTIwd2lkdGglM0QlMjI2NDAlMjIlMjBoZWlnaHQlM0QlMjIzNjAlMjIlMjBzcmMlM0QlMjJodHRwcyUzQSUyRiUyRnR1YmUuc3dpdGNoLmNoJTJGZW1iZWQlMkZ6QUxZS3JQVGVZJTIyJTIwZnJhbWVib3JkZXIlM0QlMjIwJTIyJTIwYWxsb3clM0QlMjJmdWxsc2NyZWVuJTIyJTIwYWxsb3dmdWxsc2NyZWVuJTNFJTNDJTJGaWZyYW1lJTNF[\/spb_raw_html] [blank_spacer height=\u00a0\u00bb60px\u00a0\u00bb width=\u00a0\u00bb1\/1&Prime; el_position=\u00a0\u00bbfirst last\u00a0\u00bb] [spb_text_block pb_margin_bottom=\u00a0\u00bbno\u00a0\u00bb pb_border_bottom=\u00a0\u00bbno\u00a0\u00bb width=\u00a0\u00bb1\/1&Prime; el_position=\u00a0\u00bbfirst last\u00a0\u00bb]\n<h3 class=\"p-name\">Franziska Z\u00fa\u00f1iga &#8211; Pflegexpertise in Plegeheimen<\/h3>\n<p><a href=\"https:\/\/intercare.nursing.unibas.ch\/wp-content\/uploads\/2021\/05\/B3_Lecture-5_Pflegeexpertise_Zuniga.pdf\" target=\"_blank\" rel=\"noopener\"><strong>Zur Pr\u00e4sentation<\/strong><\/a><\/p>\n[\/spb_text_block] [spb_raw_html width=\u00a0\u00bb1\/1&Prime; el_position=\u00a0\u00bbfirst last\u00a0\u00bb]JTNDaWZyYW1lJTIwd2lkdGglM0QlMjI2NDAlMjIlMjBoZWlnaHQlM0QlMjIzNjAlMjIlMjBzcmMlM0QlMjJodHRwcyUzQSUyRiUyRnR1YmUuc3dpdGNoLmNoJTJGZW1iZWQlMkZVTHdmR0pDWjVUJTIyJTIwZnJhbWVib3JkZXIlM0QlMjIwJTIyJTIwYWxsb3clM0QlMjJmdWxsc2NyZWVuJTIyJTIwYWxsb3dmdWxsc2NyZWVuJTNFJTNDJTJGaWZyYW1lJTNF[\/spb_raw_html] [blank_spacer height=\u00a0\u00bb60px\u00a0\u00bb width=\u00a0\u00bb1\/1&Prime; el_position=\u00a0\u00bbfirst last\u00a0\u00bb] [spb_text_block pb_margin_bottom=\u00a0\u00bbno\u00a0\u00bb pb_border_bottom=\u00a0\u00bbno\u00a0\u00bb width=\u00a0\u00bb1\/1&Prime; el_position=\u00a0\u00bbfirst last\u00a0\u00bb]\n<h3 class=\"p-name\">Kornelia Basinska &#8211; Empowerment des Pflege- und Betreuungspersonals mit &#8211; STOP and WATCH und ISBAR Instrument<\/h3>\n<p><a href=\"https:\/\/intercare.nursing.unibas.ch\/wp-content\/uploads\/2021\/05\/B4_Lecture-6_Instrumente_Basinska.pdf\" target=\"_blank\" rel=\"noopener\"><strong>Zur Pr\u00e4sentation<\/strong><\/a><\/p>\n[\/spb_text_block] [spb_raw_html width=\u00a0\u00bb1\/1&Prime; el_position=\u00a0\u00bbfirst last\u00a0\u00bb]JTNDaWZyYW1lJTIwd2lkdGglM0QlMjI2NDAlMjIlMjBoZWlnaHQlM0QlMjIzNjAlMjIlMjBzcmMlM0QlMjJodHRwcyUzQSUyRiUyRnR1YmUuc3dpdGNoLmNoJTJGZW1iZWQlMkZKcE5RalBENFlGJTIyJTIwZnJhbWVib3JkZXIlM0QlMjIwJTIyJTIwYWxsb3clM0QlMjJmdWxsc2NyZWVuJTIyJTIwYWxsb3dmdWxsc2NyZWVuJTNFJTNDJTJGaWZyYW1lJTNF[\/spb_raw_html] [blank_spacer height=\u00a0\u00bb60px\u00a0\u00bb width=\u00a0\u00bb1\/1&Prime; el_position=\u00a0\u00bbfirst last\u00a0\u00bb] [spb_text_block pb_margin_bottom=\u00a0\u00bbno\u00a0\u00bb pb_border_bottom=\u00a0\u00bbno\u00a0\u00bb width=\u00a0\u00bb1\/1&Prime; el_position=\u00a0\u00bbfirst last\u00a0\u00bb]\n<h3 class=\"p-name\">Kornelia Basinska &#8211; Interview mit Leonora Hajdini, geriatrische Pflegeexpertin<\/h3>\n[\/spb_text_block] [spb_raw_html width=\u00a0\u00bb1\/1&Prime; el_position=\u00a0\u00bbfirst last\u00a0\u00bb]JTNDaWZyYW1lJTIwd2lkdGglM0QlMjI2NDAlMjIlMjBoZWlnaHQlM0QlMjIzNjAlMjIlMjBzcmMlM0QlMjJodHRwcyUzQSUyRiUyRnR1YmUuc3dpdGNoLmNoJTJGZW1iZWQlMkY5WVh2MGJyRkxIJTIyJTIwZnJhbWVib3JkZXIlM0QlMjIwJTIyJTIwYWxsb3clM0QlMjJmdWxsc2NyZWVuJTIyJTIwYWxsb3dmdWxsc2NyZWVuJTNFJTNDJTJGaWZyYW1lJTNF[\/spb_raw_html] [blank_spacer height=\u00a0\u00bb60px\u00a0\u00bb width=\u00a0\u00bb1\/1&Prime; el_position=\u00a0\u00bbfirst last\u00a0\u00bb] [spb_text_block pb_margin_bottom=\u00a0\u00bbno\u00a0\u00bb pb_border_bottom=\u00a0\u00bbno\u00a0\u00bb width=\u00a0\u00bb1\/1&Prime; el_position=\u00a0\u00bbfirst last\u00a0\u00bb]\n<h3 class=\"p-name\">Reto W. Kressig &#8211; St\u00e4rkung der Zusammenarbeit zwischen \u00c4rztinnen und \u00c4rzten und INTERCARE Pflegenden<\/h3>\n<p><a href=\"https:\/\/intercare.nursing.unibas.ch\/wp-content\/uploads\/2021\/05\/B4_Lecture-7__interprofessionelle_Zusammenarbeit_Kressig.pdf\" target=\"_blank\" rel=\"noopener\"><strong>Zur Pr\u00e4sentation<\/strong><\/a><\/p>\n[\/spb_text_block] [spb_raw_html width=\u00a0\u00bb1\/1&Prime; el_position=\u00a0\u00bbfirst last\u00a0\u00bb]JTNDaWZyYW1lJTIwd2lkdGglM0QlMjI2NDAlMjIlMjBoZWlnaHQlM0QlMjIzNjAlMjIlMjBzcmMlM0QlMjJodHRwcyUzQSUyRiUyRnR1YmUuc3dpdGNoLmNoJTJGZW1iZWQlMkZWOW1YNDBCajBNJTIyJTIwZnJhbWVib3JkZXIlM0QlMjIwJTIyJTIwYWxsb3clM0QlMjJmdWxsc2NyZWVuJTIyJTIwYWxsb3dmdWxsc2NyZWVuJTNFJTNDJTJGaWZyYW1lJTNF[\/spb_raw_html] [blank_spacer height=\u00a0\u00bb30px\u00a0\u00bb width=\u00a0\u00bb1\/1&Prime; el_position=\u00a0\u00bbfirst last\u00a0\u00bb]\n","protected":false},"excerpt":{"rendered":"<p>[blank_spacer height=\u00a0\u00bb30px\u00a0\u00bb width=\u00a0\u00bb1\/1&Prime; el_position=\u00a0\u00bbfirst last\u00a0\u00bb] [spb_text_block pb_margin_bottom=\u00a0\u00bbno\u00a0\u00bb pb_border_bottom=\u00a0\u00bbno\u00a0\u00bb width=\u00a0\u00bb1\/1&Prime; el_position=\u00a0\u00bbfirst last\u00a0\u00bb] Franziska Z\u00fa\u00f1iga &#8211; Das INTERCARE Modell: Die Grundidee und Kernelmente Zur Pr\u00e4sentation [\/spb_text_block] [spb_raw_html width=\u00a0\u00bb1\/1&Prime; el_position=\u00a0\u00bbfirst last\u00a0\u00bb]JTNDaWZyYW1lJTIwd2lkdGglM0QlMjI2NDAlMjIlMjBoZWlnaHQlM0QlMjIzNjAlMjIlMjBzcmMlM0QlMjJodHRwcyUzQSUyRiUyRnR1YmUuc3dpdGNoLmNoJTJGZW1iZWQlMkZzWHJUbnByejlVJTIyJTIwZnJhbWVib3JkZXIlM0QlMjIwJTIyJTIwYWxsb3clM0QlMjJmdWxsc2NyZWVuJTIyJTIwYWxsb3dmdWxsc2NyZWVuJTNFJTNDJTJGaWZyYW1lJTNF[\/spb_raw_html] [blank_spacer height=\u00a0\u00bb60px\u00a0\u00bb width=\u00a0\u00bb1\/1&Prime; el_position=\u00a0\u00bbfirst last\u00a0\u00bb] [spb_text_block pb_margin_bottom=\u00a0\u00bbno\u00a0\u00bb pb_border_bottom=\u00a0\u00bbno\u00a0\u00bb width=\u00a0\u00bb1\/1&Prime; el_position=\u00a0\u00bbfirst last\u00a0\u00bb] Michael Simon &#8211;\u00a0Klinische Ergebnisse des INTERCARE Modells Zur Pr\u00e4sentation [\/spb_text_block] [spb_raw_html width=\u00a0\u00bb1\/1&Prime; el_position=\u00a0\u00bbfirst last\u00a0\u00bb]JTNDaWZyYW1lJTIwd2lkdGglM0QlMjI2NDAlMjIlMjBoZWlnaHQlM0QlMjIzNjAlMjIlMjBzcmMlM0QlMjJodHRwcyUzQSUyRiUyRnR1YmUuc3dpdGNoLmNoJTJGZW1iZWQlMkZwR05nY213QWd4JTIyJTIwZnJhbWVib3JkZXIlM0QlMjIwJTIyJTIwYWxsb3clM0QlMjJmdWxsc2NyZWVuJTIyJTIwYWxsb3dmdWxsc2NyZWVuJTNFJTNDJTJGaWZyYW1lJTNF[\/spb_raw_html] [blank_spacer height=\u00a0\u00bb60px\u00a0\u00bb width=\u00a0\u00bb1\/1&Prime; el_position=\u00a0\u00bbfirst last\u00a0\u00bb] [spb_text_block pb_margin_bottom=\u00a0\u00bbno\u00a0\u00bb [&hellip;]<\/p>\n","protected":false},"author":10,"featured_media":0,"parent":1378,"menu_order":0,"comment_status":"closed","ping_status":"closed","template":"","meta":{"footnotes":""},"folder":[32],"class_list":["post-1889","page","type-page","status-publish","hentry"],"yoast_head":"<!-- This site is optimized with the Yoast SEO plugin v27.4 - https:\/\/yoast.com\/product\/yoast-seo-wordpress\/ -->\n<title>Pr\u00e9sentations du congr\u00e8s - Intercare<\/title>\n<meta name=\"robots\" content=\"index, follow, max-snippet:-1, max-image-preview:large, max-video-preview:-1\" \/>\n<link rel=\"canonical\" href=\"https:\/\/intercare.nursing.unibas.ch\/fr\/conference\/intercare\/\" \/>\n<meta property=\"og:locale\" content=\"fr_FR\" \/>\n<meta property=\"og:type\" content=\"article\" \/>\n<meta property=\"og:title\" content=\"Pr\u00e9sentations du congr\u00e8s - Intercare\" \/>\n<meta property=\"og:description\" content=\"[blank_spacer height=\u00a0\u00bb30px\u00a0\u00bb width=\u00a0\u00bb1\/1&Prime; el_position=\u00a0\u00bbfirst last\u00a0\u00bb] [spb_text_block pb_margin_bottom=\u00a0\u00bbno\u00a0\u00bb pb_border_bottom=\u00a0\u00bbno\u00a0\u00bb width=\u00a0\u00bb1\/1&Prime; el_position=\u00a0\u00bbfirst last\u00a0\u00bb] Franziska Z\u00fa\u00f1iga &#8211; Das INTERCARE Modell: Die Grundidee und Kernelmente Zur Pr\u00e4sentation [\/spb_text_block] [spb_raw_html width=\u00a0\u00bb1\/1&Prime; el_position=\u00a0\u00bbfirst last\u00a0\u00bb]JTNDaWZyYW1lJTIwd2lkdGglM0QlMjI2NDAlMjIlMjBoZWlnaHQlM0QlMjIzNjAlMjIlMjBzcmMlM0QlMjJodHRwcyUzQSUyRiUyRnR1YmUuc3dpdGNoLmNoJTJGZW1iZWQlMkZzWHJUbnByejlVJTIyJTIwZnJhbWVib3JkZXIlM0QlMjIwJTIyJTIwYWxsb3clM0QlMjJmdWxsc2NyZWVuJTIyJTIwYWxsb3dmdWxsc2NyZWVuJTNFJTNDJTJGaWZyYW1lJTNF[\/spb_raw_html] [blank_spacer height=\u00a0\u00bb60px\u00a0\u00bb width=\u00a0\u00bb1\/1&Prime; el_position=\u00a0\u00bbfirst last\u00a0\u00bb] [spb_text_block pb_margin_bottom=\u00a0\u00bbno\u00a0\u00bb pb_border_bottom=\u00a0\u00bbno\u00a0\u00bb width=\u00a0\u00bb1\/1&Prime; el_position=\u00a0\u00bbfirst last\u00a0\u00bb] Michael Simon &#8211;\u00a0Klinische Ergebnisse des INTERCARE Modells Zur Pr\u00e4sentation [\/spb_text_block] [spb_raw_html width=\u00a0\u00bb1\/1&Prime; el_position=\u00a0\u00bbfirst last\u00a0\u00bb]JTNDaWZyYW1lJTIwd2lkdGglM0QlMjI2NDAlMjIlMjBoZWlnaHQlM0QlMjIzNjAlMjIlMjBzcmMlM0QlMjJodHRwcyUzQSUyRiUyRnR1YmUuc3dpdGNoLmNoJTJGZW1iZWQlMkZwR05nY213QWd4JTIyJTIwZnJhbWVib3JkZXIlM0QlMjIwJTIyJTIwYWxsb3clM0QlMjJmdWxsc2NyZWVuJTIyJTIwYWxsb3dmdWxsc2NyZWVuJTNFJTNDJTJGaWZyYW1lJTNF[\/spb_raw_html] [blank_spacer height=\u00a0\u00bb60px\u00a0\u00bb width=\u00a0\u00bb1\/1&Prime; el_position=\u00a0\u00bbfirst last\u00a0\u00bb] [spb_text_block pb_margin_bottom=\u00a0\u00bbno\u00a0\u00bb [&hellip;]\" \/>\n<meta property=\"og:url\" content=\"https:\/\/intercare.nursing.unibas.ch\/fr\/conference\/intercare\/\" \/>\n<meta property=\"og:site_name\" content=\"Intercare\" \/>\n<meta property=\"article:modified_time\" content=\"2023-05-11T09:46:16+00:00\" \/>\n<meta name=\"twitter:card\" content=\"summary_large_image\" \/>\n<meta name=\"twitter:label1\" content=\"Dur\u00e9e de lecture estim\u00e9e\" \/>\n\t<meta name=\"twitter:data1\" content=\"2 minutes\" \/>\n<script type=\"application\/ld+json\" class=\"yoast-schema-graph\">{\"@context\":\"https:\\\/\\\/schema.org\",\"@graph\":[{\"@type\":\"WebPage\",\"@id\":\"https:\\\/\\\/intercare.nursing.unibas.ch\\\/fr\\\/conference\\\/intercare\\\/\",\"url\":\"https:\\\/\\\/intercare.nursing.unibas.ch\\\/fr\\\/conference\\\/intercare\\\/\",\"name\":\"Pr\u00e9sentations du congr\u00e8s - Intercare\",\"isPartOf\":{\"@id\":\"https:\\\/\\\/intercare.nursing.unibas.ch\\\/#website\"},\"datePublished\":\"2021-05-21T13:32:04+00:00\",\"dateModified\":\"2023-05-11T09:46:16+00:00\",\"breadcrumb\":{\"@id\":\"https:\\\/\\\/intercare.nursing.unibas.ch\\\/fr\\\/conference\\\/intercare\\\/#breadcrumb\"},\"inLanguage\":\"fr-FR\",\"potentialAction\":[{\"@type\":\"ReadAction\",\"target\":[\"https:\\\/\\\/intercare.nursing.unibas.ch\\\/fr\\\/conference\\\/intercare\\\/\"]}]},{\"@type\":\"BreadcrumbList\",\"@id\":\"https:\\\/\\\/intercare.nursing.unibas.ch\\\/fr\\\/conference\\\/intercare\\\/#breadcrumb\",\"itemListElement\":[{\"@type\":\"ListItem\",\"position\":1,\"name\":\"Startseite\",\"item\":\"https:\\\/\\\/intercare.nursing.unibas.ch\\\/fr\\\/\"},{\"@type\":\"ListItem\",\"position\":2,\"name\":\"Conf\u00e9rence INTERCARE\",\"item\":\"https:\\\/\\\/intercare.nursing.unibas.ch\\\/fr\\\/conference\\\/\"},{\"@type\":\"ListItem\",\"position\":3,\"name\":\"Pr\u00e9sentations du congr\u00e8s\"}]},{\"@type\":\"WebSite\",\"@id\":\"https:\\\/\\\/intercare.nursing.unibas.ch\\\/#website\",\"url\":\"https:\\\/\\\/intercare.nursing.unibas.ch\\\/\",\"name\":\"Intercare\",\"description\":\"Pflegegeleitete Vorsorgemodelle\",\"publisher\":{\"@id\":\"https:\\\/\\\/intercare.nursing.unibas.ch\\\/#organization\"},\"potentialAction\":[{\"@type\":\"SearchAction\",\"target\":{\"@type\":\"EntryPoint\",\"urlTemplate\":\"https:\\\/\\\/intercare.nursing.unibas.ch\\\/?s={search_term_string}\"},\"query-input\":{\"@type\":\"PropertyValueSpecification\",\"valueRequired\":true,\"valueName\":\"search_term_string\"}}],\"inLanguage\":\"fr-FR\"},{\"@type\":\"Organization\",\"@id\":\"https:\\\/\\\/intercare.nursing.unibas.ch\\\/#organization\",\"name\":\"Intercare\",\"url\":\"https:\\\/\\\/intercare.nursing.unibas.ch\\\/\",\"logo\":{\"@type\":\"ImageObject\",\"inLanguage\":\"fr-FR\",\"@id\":\"https:\\\/\\\/intercare.nursing.unibas.ch\\\/#\\\/schema\\\/logo\\\/image\\\/\",\"url\":\"https:\\\/\\\/intercare.nursing.unibas.ch\\\/wp-content\\\/uploads\\\/2023\\\/03\\\/cropped-interscale-intercare-reasearch-project.png\",\"contentUrl\":\"https:\\\/\\\/intercare.nursing.unibas.ch\\\/wp-content\\\/uploads\\\/2023\\\/03\\\/cropped-interscale-intercare-reasearch-project.png\",\"width\":334,\"height\":40,\"caption\":\"Intercare\"},\"image\":{\"@id\":\"https:\\\/\\\/intercare.nursing.unibas.ch\\\/#\\\/schema\\\/logo\\\/image\\\/\"}}]}<\/script>\n<!-- \/ Yoast SEO plugin. -->","yoast_head_json":{"title":"Pr\u00e9sentations du congr\u00e8s - Intercare","robots":{"index":"index","follow":"follow","max-snippet":"max-snippet:-1","max-image-preview":"max-image-preview:large","max-video-preview":"max-video-preview:-1"},"canonical":"https:\/\/intercare.nursing.unibas.ch\/fr\/conference\/intercare\/","og_locale":"fr_FR","og_type":"article","og_title":"Pr\u00e9sentations du congr\u00e8s - Intercare","og_description":"[blank_spacer height=\u00a0\u00bb30px\u00a0\u00bb width=\u00a0\u00bb1\/1&Prime; el_position=\u00a0\u00bbfirst last\u00a0\u00bb] [spb_text_block pb_margin_bottom=\u00a0\u00bbno\u00a0\u00bb pb_border_bottom=\u00a0\u00bbno\u00a0\u00bb width=\u00a0\u00bb1\/1&Prime; el_position=\u00a0\u00bbfirst last\u00a0\u00bb] Franziska Z\u00fa\u00f1iga &#8211; Das INTERCARE Modell: Die Grundidee und Kernelmente Zur Pr\u00e4sentation [\/spb_text_block] [spb_raw_html width=\u00a0\u00bb1\/1&Prime; el_position=\u00a0\u00bbfirst last\u00a0\u00bb]JTNDaWZyYW1lJTIwd2lkdGglM0QlMjI2NDAlMjIlMjBoZWlnaHQlM0QlMjIzNjAlMjIlMjBzcmMlM0QlMjJodHRwcyUzQSUyRiUyRnR1YmUuc3dpdGNoLmNoJTJGZW1iZWQlMkZzWHJUbnByejlVJTIyJTIwZnJhbWVib3JkZXIlM0QlMjIwJTIyJTIwYWxsb3clM0QlMjJmdWxsc2NyZWVuJTIyJTIwYWxsb3dmdWxsc2NyZWVuJTNFJTNDJTJGaWZyYW1lJTNF[\/spb_raw_html] [blank_spacer height=\u00a0\u00bb60px\u00a0\u00bb width=\u00a0\u00bb1\/1&Prime; el_position=\u00a0\u00bbfirst last\u00a0\u00bb] [spb_text_block pb_margin_bottom=\u00a0\u00bbno\u00a0\u00bb pb_border_bottom=\u00a0\u00bbno\u00a0\u00bb width=\u00a0\u00bb1\/1&Prime; el_position=\u00a0\u00bbfirst last\u00a0\u00bb] Michael Simon &#8211;\u00a0Klinische Ergebnisse des INTERCARE Modells Zur Pr\u00e4sentation [\/spb_text_block] [spb_raw_html width=\u00a0\u00bb1\/1&Prime; el_position=\u00a0\u00bbfirst last\u00a0\u00bb]JTNDaWZyYW1lJTIwd2lkdGglM0QlMjI2NDAlMjIlMjBoZWlnaHQlM0QlMjIzNjAlMjIlMjBzcmMlM0QlMjJodHRwcyUzQSUyRiUyRnR1YmUuc3dpdGNoLmNoJTJGZW1iZWQlMkZwR05nY213QWd4JTIyJTIwZnJhbWVib3JkZXIlM0QlMjIwJTIyJTIwYWxsb3clM0QlMjJmdWxsc2NyZWVuJTIyJTIwYWxsb3dmdWxsc2NyZWVuJTNFJTNDJTJGaWZyYW1lJTNF[\/spb_raw_html] [blank_spacer height=\u00a0\u00bb60px\u00a0\u00bb width=\u00a0\u00bb1\/1&Prime; el_position=\u00a0\u00bbfirst last\u00a0\u00bb] [spb_text_block pb_margin_bottom=\u00a0\u00bbno\u00a0\u00bb [&hellip;]","og_url":"https:\/\/intercare.nursing.unibas.ch\/fr\/conference\/intercare\/","og_site_name":"Intercare","article_modified_time":"2023-05-11T09:46:16+00:00","twitter_card":"summary_large_image","twitter_misc":{"Dur\u00e9e de lecture estim\u00e9e":"2 minutes"},"schema":{"@context":"https:\/\/schema.org","@graph":[{"@type":"WebPage","@id":"https:\/\/intercare.nursing.unibas.ch\/fr\/conference\/intercare\/","url":"https:\/\/intercare.nursing.unibas.ch\/fr\/conference\/intercare\/","name":"Pr\u00e9sentations du congr\u00e8s - Intercare","isPartOf":{"@id":"https:\/\/intercare.nursing.unibas.ch\/#website"},"datePublished":"2021-05-21T13:32:04+00:00","dateModified":"2023-05-11T09:46:16+00:00","breadcrumb":{"@id":"https:\/\/intercare.nursing.unibas.ch\/fr\/conference\/intercare\/#breadcrumb"},"inLanguage":"fr-FR","potentialAction":[{"@type":"ReadAction","target":["https:\/\/intercare.nursing.unibas.ch\/fr\/conference\/intercare\/"]}]},{"@type":"BreadcrumbList","@id":"https:\/\/intercare.nursing.unibas.ch\/fr\/conference\/intercare\/#breadcrumb","itemListElement":[{"@type":"ListItem","position":1,"name":"Startseite","item":"https:\/\/intercare.nursing.unibas.ch\/fr\/"},{"@type":"ListItem","position":2,"name":"Conf\u00e9rence INTERCARE","item":"https:\/\/intercare.nursing.unibas.ch\/fr\/conference\/"},{"@type":"ListItem","position":3,"name":"Pr\u00e9sentations du congr\u00e8s"}]},{"@type":"WebSite","@id":"https:\/\/intercare.nursing.unibas.ch\/#website","url":"https:\/\/intercare.nursing.unibas.ch\/","name":"Intercare","description":"Pflegegeleitete Vorsorgemodelle","publisher":{"@id":"https:\/\/intercare.nursing.unibas.ch\/#organization"},"potentialAction":[{"@type":"SearchAction","target":{"@type":"EntryPoint","urlTemplate":"https:\/\/intercare.nursing.unibas.ch\/?s={search_term_string}"},"query-input":{"@type":"PropertyValueSpecification","valueRequired":true,"valueName":"search_term_string"}}],"inLanguage":"fr-FR"},{"@type":"Organization","@id":"https:\/\/intercare.nursing.unibas.ch\/#organization","name":"Intercare","url":"https:\/\/intercare.nursing.unibas.ch\/","logo":{"@type":"ImageObject","inLanguage":"fr-FR","@id":"https:\/\/intercare.nursing.unibas.ch\/#\/schema\/logo\/image\/","url":"https:\/\/intercare.nursing.unibas.ch\/wp-content\/uploads\/2023\/03\/cropped-interscale-intercare-reasearch-project.png","contentUrl":"https:\/\/intercare.nursing.unibas.ch\/wp-content\/uploads\/2023\/03\/cropped-interscale-intercare-reasearch-project.png","width":334,"height":40,"caption":"Intercare"},"image":{"@id":"https:\/\/intercare.nursing.unibas.ch\/#\/schema\/logo\/image\/"}}]}},"_links":{"self":[{"href":"https:\/\/intercare.nursing.unibas.ch\/fr\/wp-json\/wp\/v2\/pages\/1889","targetHints":{"allow":["GET"]}}],"collection":[{"href":"https:\/\/intercare.nursing.unibas.ch\/fr\/wp-json\/wp\/v2\/pages"}],"about":[{"href":"https:\/\/intercare.nursing.unibas.ch\/fr\/wp-json\/wp\/v2\/types\/page"}],"author":[{"embeddable":true,"href":"https:\/\/intercare.nursing.unibas.ch\/fr\/wp-json\/wp\/v2\/users\/10"}],"replies":[{"embeddable":true,"href":"https:\/\/intercare.nursing.unibas.ch\/fr\/wp-json\/wp\/v2\/comments?post=1889"}],"version-history":[{"count":4,"href":"https:\/\/intercare.nursing.unibas.ch\/fr\/wp-json\/wp\/v2\/pages\/1889\/revisions"}],"predecessor-version":[{"id":2689,"href":"https:\/\/intercare.nursing.unibas.ch\/fr\/wp-json\/wp\/v2\/pages\/1889\/revisions\/2689"}],"up":[{"embeddable":true,"href":"https:\/\/intercare.nursing.unibas.ch\/fr\/wp-json\/wp\/v2\/pages\/1378"}],"wp:attachment":[{"href":"https:\/\/intercare.nursing.unibas.ch\/fr\/wp-json\/wp\/v2\/media?parent=1889"}],"wp:term":[{"taxonomy":"folder","embeddable":true,"href":"https:\/\/intercare.nursing.unibas.ch\/fr\/wp-json\/wp\/v2\/folder?post=1889"}],"curies":[{"name":"wp","href":"https:\/\/api.w.org\/{rel}","templated":true}]}}